{"id":1800,"date":"2020-05-14T01:38:52","date_gmt":"2020-05-13T23:38:52","guid":{"rendered":"https:\/\/amepn.ma\/?page_id=1800"},"modified":"2024-01-13T12:52:54","modified_gmt":"2024-01-13T11:52:54","slug":"prix-parcs-ecotourisme","status":"publish","type":"page","link":"https:\/\/amepn.ma\/?page_id=1800","title":{"rendered":"Observatoire des zones humides de la R\u00e9serve de Biosph\u00e8re du C\u00e8dre de l&rsquo;Atlas"},"content":{"rendered":"\n<p class=\"has-text-align-justify has-small-font-size\">Sign\u00e9 en octobre 2022 entre l&rsquo;AMEPN et le CEPF, le projet de mise en place de l&rsquo;Observatoire des Zones Humides de la R\u00e9serve de Biosph\u00e8re du C\u00e8dre de l&rsquo;Atlas tente d\u2019institutionaliser la conservation de la biodiversit\u00e9 dulcicole en r\u00e9glementant l\u2019exploitation des zones humides abritant une diversit\u00e9 \u00e9cosyst\u00e9mique fragile et menac\u00e9e. En effet, le projet AMEPN-CEPF, durant ces deux derni\u00e8res ann\u00e9es d\u2019ex\u00e9cution, a mis en exergue les lacunes et les insuffisances que connait actuellement le Maroc en termes de pr\u00e9servation et de valorisation de la biodiversit\u00e9 dulcicole et a pu mobiliser les \u00e9quipes des parcs nationaux de Kh\u00e9nifra et du Haut Atlas Oriental pour prendre en consid\u00e9ration cette composante dans la planification de leurs activit\u00e9s.<\/p>\n\n\n\n<figure class=\"wp-block-gallery has-nested-images columns-default is-cropped wp-block-gallery-1 is-layout-flex wp-block-gallery-is-layout-flex\">\n<figure class=\"wp-block-image size-large\"><img loading=\"lazy\" decoding=\"async\" width=\"720\" height=\"960\" data-attachment-id=\"2766\" data-permalink=\"https:\/\/amepn.ma\/?attachment_id=2766\" data-orig-file=\"https:\/\/amepn.ma\/wp-content\/uploads\/2024\/01\/Carte-ZH-de-RBCA.jpg\" data-orig-size=\"720,960\" data-comments-opened=\"1\" data-image-meta=\"{&quot;aperture&quot;:&quot;0&quot;,&quot;credit&quot;:&quot;&quot;,&quot;camera&quot;:&quot;&quot;,&quot;caption&quot;:&quot;&quot;,&quot;created_timestamp&quot;:&quot;0&quot;,&quot;copyright&quot;:&quot;&quot;,&quot;focal_length&quot;:&quot;0&quot;,&quot;iso&quot;:&quot;0&quot;,&quot;shutter_speed&quot;:&quot;0&quot;,&quot;title&quot;:&quot;&quot;,&quot;orientation&quot;:&quot;0&quot;}\" data-image-title=\"Carte-ZH-de-RBCA\" data-image-description=\"\" data-image-caption=\"\" data-medium-file=\"https:\/\/amepn.ma\/wp-content\/uploads\/2024\/01\/Carte-ZH-de-RBCA-225x300.jpg\" data-large-file=\"https:\/\/amepn.ma\/wp-content\/uploads\/2024\/01\/Carte-ZH-de-RBCA.jpg\" data-id=\"2766\" src=\"https:\/\/amepn.ma\/wp-content\/uploads\/2024\/01\/Carte-ZH-de-RBCA.jpg\" alt=\"\" class=\"wp-image-2766\" srcset=\"https:\/\/amepn.ma\/wp-content\/uploads\/2024\/01\/Carte-ZH-de-RBCA.jpg 720w, https:\/\/amepn.ma\/wp-content\/uploads\/2024\/01\/Carte-ZH-de-RBCA-225x300.jpg 225w, https:\/\/amepn.ma\/wp-content\/uploads\/2024\/01\/Carte-ZH-de-RBCA-50x67.jpg 50w\" sizes=\"auto, (max-width: 720px) 100vw, 720px\" \/><\/figure>\n\n\n\n<figure class=\"wp-block-image size-large\"><img loading=\"lazy\" decoding=\"async\" width=\"1024\" height=\"768\" data-attachment-id=\"2676\" data-permalink=\"https:\/\/amepn.ma\/?attachment_id=2676\" data-orig-file=\"https:\/\/amepn.ma\/wp-content\/uploads\/2024\/01\/405369040_732034462300636_6196645998220864018_n.jpg\" data-orig-size=\"1024,768\" data-comments-opened=\"1\" data-image-meta=\"{&quot;aperture&quot;:&quot;0&quot;,&quot;credit&quot;:&quot;&quot;,&quot;camera&quot;:&quot;&quot;,&quot;caption&quot;:&quot;&quot;,&quot;created_timestamp&quot;:&quot;0&quot;,&quot;copyright&quot;:&quot;&quot;,&quot;focal_length&quot;:&quot;0&quot;,&quot;iso&quot;:&quot;0&quot;,&quot;shutter_speed&quot;:&quot;0&quot;,&quot;title&quot;:&quot;&quot;,&quot;orientation&quot;:&quot;0&quot;}\" data-image-title=\"405369040_732034462300636_6196645998220864018_n\" data-image-description=\"\" data-image-caption=\"\" data-medium-file=\"https:\/\/amepn.ma\/wp-content\/uploads\/2024\/01\/405369040_732034462300636_6196645998220864018_n-300x225.jpg\" data-large-file=\"https:\/\/amepn.ma\/wp-content\/uploads\/2024\/01\/405369040_732034462300636_6196645998220864018_n.jpg\" data-id=\"2676\" src=\"https:\/\/amepn.ma\/wp-content\/uploads\/2024\/01\/405369040_732034462300636_6196645998220864018_n.jpg\" alt=\"\" class=\"wp-image-2676\" srcset=\"https:\/\/amepn.ma\/wp-content\/uploads\/2024\/01\/405369040_732034462300636_6196645998220864018_n.jpg 1024w, https:\/\/amepn.ma\/wp-content\/uploads\/2024\/01\/405369040_732034462300636_6196645998220864018_n-300x225.jpg 300w, https:\/\/amepn.ma\/wp-content\/uploads\/2024\/01\/405369040_732034462300636_6196645998220864018_n-768x576.jpg 768w, https:\/\/amepn.ma\/wp-content\/uploads\/2024\/01\/405369040_732034462300636_6196645998220864018_n-50x38.jpg 50w\" sizes=\"auto, (max-width: 1024px) 100vw, 1024px\" \/><\/figure>\n<\/figure>\n\n\n\n<p class=\"has-text-align-justify has-small-font-size\">Ainsi, le pr\u00e9sent projet pr\u00e9voit de renforcer ses acquis en mettant en place une instance permanente en relation avec la biodiversit\u00e9 dulcicole et son \u00e9volution \u00e0 savoir la concr\u00e9tisation de l\u2019Observatoire des Zones Humides de la R\u00e9serve de Biosph\u00e8re du C\u00e8dre de l\u2019Atlas. Cet outil, principalement de plaidoyer, regroupera les institutions de recherche, les universit\u00e9s partenaires et les gestionnaires des parcs nationaux de la RBCA ainsi que les ONG sp\u00e9cialis\u00e9es \u0153uvrant pour la m\u00eame cause. L\u2019Observatoire est un moyen de rappel au quotidien les tendances et l\u2019\u00e9tat de la biodiversit\u00e9 et celui des zones humides de cette r\u00e9serve. Il s\u2019agit donc d\u2019un moyen de veille pour plaidoyer pour la conservation et la pr\u00e9servation de la biodiversit\u00e9 menac\u00e9e.<\/p>\n\n\n\n<figure class=\"wp-block-gallery has-nested-images columns-default is-cropped wp-block-gallery-2 is-layout-flex wp-block-gallery-is-layout-flex\">\n<figure class=\"wp-block-image size-large\"><img loading=\"lazy\" decoding=\"async\" width=\"960\" height=\"720\" data-attachment-id=\"2216\" data-permalink=\"https:\/\/amepn.ma\/?attachment_id=2216\" data-orig-file=\"https:\/\/amepn.ma\/wp-content\/uploads\/2021\/01\/129981023_2805578953017023_8767733880666774256_n.jpg\" data-orig-size=\"960,720\" data-comments-opened=\"1\" data-image-meta=\"{&quot;aperture&quot;:&quot;0&quot;,&quot;credit&quot;:&quot;&quot;,&quot;camera&quot;:&quot;&quot;,&quot;caption&quot;:&quot;&quot;,&quot;created_timestamp&quot;:&quot;0&quot;,&quot;copyright&quot;:&quot;&quot;,&quot;focal_length&quot;:&quot;0&quot;,&quot;iso&quot;:&quot;0&quot;,&quot;shutter_speed&quot;:&quot;0&quot;,&quot;title&quot;:&quot;&quot;,&quot;orientation&quot;:&quot;0&quot;}\" data-image-title=\"129981023_2805578953017023_8767733880666774256_n\" data-image-description=\"\" data-image-caption=\"\" data-medium-file=\"https:\/\/amepn.ma\/wp-content\/uploads\/2021\/01\/129981023_2805578953017023_8767733880666774256_n-300x225.jpg\" data-large-file=\"https:\/\/amepn.ma\/wp-content\/uploads\/2021\/01\/129981023_2805578953017023_8767733880666774256_n.jpg\" data-id=\"2216\" src=\"https:\/\/amepn.ma\/wp-content\/uploads\/2021\/01\/129981023_2805578953017023_8767733880666774256_n.jpg\" alt=\"\" class=\"wp-image-2216\" srcset=\"https:\/\/amepn.ma\/wp-content\/uploads\/2021\/01\/129981023_2805578953017023_8767733880666774256_n.jpg 960w, https:\/\/amepn.ma\/wp-content\/uploads\/2021\/01\/129981023_2805578953017023_8767733880666774256_n-300x225.jpg 300w, https:\/\/amepn.ma\/wp-content\/uploads\/2021\/01\/129981023_2805578953017023_8767733880666774256_n-768x576.jpg 768w\" sizes=\"auto, (max-width: 960px) 100vw, 960px\" \/><\/figure>\n\n\n\n<figure class=\"wp-block-image size-large\"><img loading=\"lazy\" decoding=\"async\" width=\"640\" height=\"480\" data-attachment-id=\"2678\" data-permalink=\"https:\/\/amepn.ma\/?attachment_id=2678\" data-orig-file=\"https:\/\/amepn.ma\/wp-content\/uploads\/2024\/01\/406018456_732022355635180_386386388957919595_n.jpg\" data-orig-size=\"640,480\" data-comments-opened=\"1\" data-image-meta=\"{&quot;aperture&quot;:&quot;0&quot;,&quot;credit&quot;:&quot;&quot;,&quot;camera&quot;:&quot;&quot;,&quot;caption&quot;:&quot;&quot;,&quot;created_timestamp&quot;:&quot;0&quot;,&quot;copyright&quot;:&quot;&quot;,&quot;focal_length&quot;:&quot;0&quot;,&quot;iso&quot;:&quot;0&quot;,&quot;shutter_speed&quot;:&quot;0&quot;,&quot;title&quot;:&quot;&quot;,&quot;orientation&quot;:&quot;0&quot;}\" data-image-title=\"406018456_732022355635180_386386388957919595_n\" data-image-description=\"\" data-image-caption=\"\" data-medium-file=\"https:\/\/amepn.ma\/wp-content\/uploads\/2024\/01\/406018456_732022355635180_386386388957919595_n-300x225.jpg\" data-large-file=\"https:\/\/amepn.ma\/wp-content\/uploads\/2024\/01\/406018456_732022355635180_386386388957919595_n.jpg\" data-id=\"2678\" src=\"https:\/\/amepn.ma\/wp-content\/uploads\/2024\/01\/406018456_732022355635180_386386388957919595_n.jpg\" alt=\"\" class=\"wp-image-2678\" srcset=\"https:\/\/amepn.ma\/wp-content\/uploads\/2024\/01\/406018456_732022355635180_386386388957919595_n.jpg 640w, https:\/\/amepn.ma\/wp-content\/uploads\/2024\/01\/406018456_732022355635180_386386388957919595_n-300x225.jpg 300w, https:\/\/amepn.ma\/wp-content\/uploads\/2024\/01\/406018456_732022355635180_386386388957919595_n-50x38.jpg 50w\" sizes=\"auto, (max-width: 640px) 100vw, 640px\" \/><\/figure>\n<\/figure>\n\n\n\n<p class=\"has-text-align-justify has-small-font-size\">La classification du Parc National de Kh\u00e9nifra en tant que Zone Cl\u00e9 pour la Biodiversit\u00e9 est une occasion pour mettre en exergue son importance \u00e0 l\u2019\u00e9chelle globale et par voie de cons\u00e9quence inviter les partenaires et les acteurs locaux \u00e0 b\u00e9n\u00e9ficier de ce label pour offrir \u00e0 la r\u00e9gion une notori\u00e9t\u00e9 \u00e9cologique et de d\u00e9veloppement durable. Le pr\u00e9sent projet portera cette initiative pour son adoption par l\u2019ensemble des intervenants \u00e0 l\u2019instar de la ville d\u2019Ifrane, faisant d\u00e9sormais partie de la RBCA, ayant re\u00e7u le label de Ramsar et ayant re\u00e7u l\u2019accord de l\u2019ensemble des acteurs.<\/p>\n\n\n\n<p class=\"has-text-align-justify has-small-font-size\">Cette approche offrira certainement des opportunit\u00e9s pour renforcer la conservation et la pr\u00e9servation des \u00e9cosyst\u00e8mes naturels et inculquera la fibre \u00e9cologique au sein des principaux acteurs de la r\u00e9gion. La mobilisation du tissu associatif dans le cadre du r\u00e9seau des associations de la R\u00e9serve de Biosph\u00e8re du C\u00e8dre de l\u2019Atlas, sera \u00e9galement la plateforme de travail au quotidien pour mettre en valeur les potentialit\u00e9s de cette r\u00e9serve. Ainsi le projet proc\u00e8dera \u00e0 la cr\u00e9ation de ce r\u00e9seau \u00e0 travers la signature d\u2019une charte constitutive sign\u00e9e par les membres fondateurs. Le projet appuiera l\u2019organisation d\u2019ateliers pour l\u2019\u00e9laboration d\u2019une strat\u00e9gie d\u2019action et d\u2019un programme d\u2019activit\u00e9s tout en faisant b\u00e9n\u00e9ficier les associations membres des formations th\u00e9matiques n\u00e9cessaires \u00e0 la concr\u00e9tisation des actions. Le plan d\u2019action sera \u00e9galement renforc\u00e9 par les activit\u00e9s d\u2019\u00e9ducation \u00e0 l\u2019environnement au profit des jeunes g\u00e9n\u00e9rations du monde rural.<\/p>\n\n\n\n<p class=\"has-small-font-size\"><strong>Les impacts \u00e0 court termes souhait\u00e9 par le pr\u00e9sent projet sont\u00a0<\/strong>:<\/p>\n\n\n\n<div class=\"wp-block-group\"><div class=\"wp-block-group__inner-container is-layout-constrained wp-block-group-is-layout-constrained\">\n<ol class=\"wp-block-list\">\n<li class=\"has-small-font-size\">L\u2019Observatoire des Zones Humides de la R\u00e9serve de Biosph\u00e8re du c\u00e8dre de l&rsquo;Atlas est mis en place et permet aux gestionnaires, aux instituts de recherche et au r\u00e9seau associatif de contribuer et de suivre l&rsquo;\u00e9volution des Zones humides et de l&rsquo;\u00e9tat de la biodiversit\u00e9 de cet espace naturel.<\/li>\n\n\n\n<li class=\"has-small-font-size\">Le Parc National de Kh\u00e9nifra fait partie du r\u00e9seau mondial des Zones Cl\u00e9s pour la biodiversit\u00e9.<\/li>\n\n\n\n<li class=\"has-small-font-size\">Le d\u00e9veloppement organisationnel de l&rsquo;AMEPN, a permis \u00e0 l&rsquo;association de se doter d&rsquo;une strat\u00e9gie et d&rsquo;un plan d&rsquo;action \u00e0 moyen et \u00e0 long termes servant de feuille de route pour ses activit\u00e9s sur le terrain.\u00a0<\/li>\n<\/ol>\n<\/div><\/div>\n\n\n\n<p class=\"has-small-font-size\"><strong>Les partenaires du projet sont\u00a0:<\/strong><\/p>\n\n\n\n<div class=\"wp-block-group\"><div class=\"wp-block-group__inner-container is-layout-constrained wp-block-group-is-layout-constrained\">\n<ol class=\"wp-block-list\">\n<li class=\"has-small-font-size\">La Direction du Parc National de Kh\u00e9nifra&nbsp;: c\u2019est l\u2019institution principale appuy\u00e9e par le projet pour renforcer les capacit\u00e9s de son personnel et renforcer la mise en place du plan d\u2019am\u00e9nagement et de gestion du Parc.<\/li>\n\n\n\n<li class=\"has-small-font-size\">La Direction du Parc National du Haut Atlas Oriental, appuy\u00e9 \u00e9galement par le projet dans le cadre de la capitalisation des r\u00e9sultats en faveur de la r\u00e9serve de biosph\u00e8re du c\u00e8dre de l\u2019Atlas.<\/li>\n\n\n\n<li class=\"has-small-font-size\">L\u2019Institut Scientifique de Rabat&nbsp;: assure l\u2019accompagnement scientifique et technique du projet durant toute la phase de mise en \u0153uvre.<\/li>\n\n\n\n<li class=\"has-small-font-size\">Les Associations locales de la R\u00e9serve de Biosph\u00e8re du C\u00e8dre de l\u2019Atlas\u00a0: nouveaux acteurs appuy\u00e9s par l\u2019AMEPN pour renforcer leur capacit\u00e9 de plaidoyer en faveur de la conservation de la biodiversit\u00e9 dans les aires prot\u00e9g\u00e9es de la r\u00e9serve de biosph\u00e8re du c\u00e8dre de l\u2019Atlas.<\/li>\n<\/ol>\n<\/div><\/div>\n\n\n\n<p class=\"has-small-font-size\"><strong>Le budget global du projet : 206.844 MAD (19.985 USD)<\/strong><\/p>\n\n\n\n<figure class=\"wp-block-image size-large\"><img loading=\"lazy\" decoding=\"async\" width=\"1024\" height=\"461\" data-attachment-id=\"1954\" data-permalink=\"https:\/\/amepn.ma\/?attachment_id=1954\" data-orig-file=\"https:\/\/amepn.ma\/wp-content\/uploads\/2020\/10\/14.jpg\" data-orig-size=\"1280,576\" data-comments-opened=\"1\" data-image-meta=\"{&quot;aperture&quot;:&quot;0&quot;,&quot;credit&quot;:&quot;&quot;,&quot;camera&quot;:&quot;&quot;,&quot;caption&quot;:&quot;&quot;,&quot;created_timestamp&quot;:&quot;0&quot;,&quot;copyright&quot;:&quot;&quot;,&quot;focal_length&quot;:&quot;0&quot;,&quot;iso&quot;:&quot;0&quot;,&quot;shutter_speed&quot;:&quot;0&quot;,&quot;title&quot;:&quot;&quot;,&quot;orientation&quot;:&quot;0&quot;}\" data-image-title=\"14\" data-image-description=\"\" data-image-caption=\"\" data-medium-file=\"https:\/\/amepn.ma\/wp-content\/uploads\/2020\/10\/14-300x135.jpg\" data-large-file=\"https:\/\/amepn.ma\/wp-content\/uploads\/2020\/10\/14-1024x461.jpg\" src=\"https:\/\/amepn.ma\/wp-content\/uploads\/2020\/10\/14-1024x461.jpg\" alt=\"\" class=\"wp-image-1954\" srcset=\"https:\/\/amepn.ma\/wp-content\/uploads\/2020\/10\/14-1024x461.jpg 1024w, https:\/\/amepn.ma\/wp-content\/uploads\/2020\/10\/14-300x135.jpg 300w, https:\/\/amepn.ma\/wp-content\/uploads\/2020\/10\/14-768x346.jpg 768w, https:\/\/amepn.ma\/wp-content\/uploads\/2020\/10\/14.jpg 1280w\" sizes=\"auto, (max-width: 1024px) 100vw, 1024px\" \/><\/figure>\n","protected":false},"excerpt":{"rendered":"<p>Sign\u00e9 en octobre 2022 entre l&rsquo;AMEPN et le CEPF, le projet de mise en place de l&rsquo;Observatoire des Zones Humides de la R\u00e9serve de Biosph\u00e8re du C\u00e8dre de l&rsquo;Atlas tente d\u2019institutionaliser la conservation de la biodiversit\u00e9 dulcicole en r\u00e9glementant l\u2019exploitation des zones humides abritant une diversit\u00e9 \u00e9cosyst\u00e9mique fragile et menac\u00e9e. En effet, le projet AMEPN-CEPF, durant ces deux derni\u00e8res ann\u00e9es [&hellip;]<\/p>\n","protected":false},"author":2,"featured_media":0,"parent":0,"menu_order":0,"comment_status":"closed","ping_status":"closed","template":"","meta":{"_acf_changed":false,"footnotes":""},"class_list":["post-1800","page","type-page","status-publish","hentry"],"acf":[],"jetpack_sharing_enabled":true,"jetpack_likes_enabled":true,"_links":{"self":[{"href":"https:\/\/amepn.ma\/index.php?rest_route=\/wp\/v2\/pages\/1800","targetHints":{"allow":["GET"]}}],"collection":[{"href":"https:\/\/amepn.ma\/index.php?rest_route=\/wp\/v2\/pages"}],"about":[{"href":"https:\/\/amepn.ma\/index.php?rest_route=\/wp\/v2\/types\/page"}],"author":[{"embeddable":true,"href":"https:\/\/amepn.ma\/index.php?rest_route=\/wp\/v2\/users\/2"}],"replies":[{"embeddable":true,"href":"https:\/\/amepn.ma\/index.php?rest_route=%2Fwp%2Fv2%2Fcomments&post=1800"}],"version-history":[{"count":9,"href":"https:\/\/amepn.ma\/index.php?rest_route=\/wp\/v2\/pages\/1800\/revisions"}],"predecessor-version":[{"id":2769,"href":"https:\/\/amepn.ma\/index.php?rest_route=\/wp\/v2\/pages\/1800\/revisions\/2769"}],"wp:attachment":[{"href":"https:\/\/amepn.ma\/index.php?rest_route=%2Fwp%2Fv2%2Fmedia&parent=1800"}],"curies":[{"name":"wp","href":"https:\/\/api.w.org\/{rel}","templated":true}]}}