{"id":297,"date":"2020-03-29T19:44:20","date_gmt":"2020-03-29T17:44:20","guid":{"rendered":"https:\/\/amepn.ma\/?page_id=297"},"modified":"2020-12-09T16:51:00","modified_gmt":"2020-12-09T15:51:00","slug":"iriki","status":"publish","type":"page","link":"https:\/\/amepn.ma\/?page_id=297","title":{"rendered":"Iriki"},"content":{"rendered":"\n<p style=\"background-color:#f6b56c\" class=\"has-background\"><strong>Parc National d&rsquo;Iriki<\/strong><\/p>\n\n\n\n<div class=\"wp-block-media-text alignwide is-stacked-on-mobile\" style=\"grid-template-columns:22% auto\"><figure class=\"wp-block-media-text__media\"><img loading=\"lazy\" decoding=\"async\" width=\"117\" height=\"135\" data-attachment-id=\"2162\" data-permalink=\"https:\/\/amepn.ma\/?attachment_id=2162\" data-orig-file=\"https:\/\/amepn.ma\/wp-content\/uploads\/2020\/12\/iriki-logo.png\" data-orig-size=\"117,135\" data-comments-opened=\"1\" data-image-meta=\"{&quot;aperture&quot;:&quot;0&quot;,&quot;credit&quot;:&quot;&quot;,&quot;camera&quot;:&quot;&quot;,&quot;caption&quot;:&quot;&quot;,&quot;created_timestamp&quot;:&quot;0&quot;,&quot;copyright&quot;:&quot;&quot;,&quot;focal_length&quot;:&quot;0&quot;,&quot;iso&quot;:&quot;0&quot;,&quot;shutter_speed&quot;:&quot;0&quot;,&quot;title&quot;:&quot;&quot;,&quot;orientation&quot;:&quot;0&quot;}\" data-image-title=\"iriki-logo\" data-image-description=\"\" data-image-caption=\"\" data-medium-file=\"https:\/\/amepn.ma\/wp-content\/uploads\/2020\/12\/iriki-logo.png\" data-large-file=\"https:\/\/amepn.ma\/wp-content\/uploads\/2020\/12\/iriki-logo.png\" src=\"https:\/\/amepn.ma\/wp-content\/uploads\/2020\/12\/iriki-logo.png\" alt=\"\" class=\"wp-image-2162\"\/><\/figure><div class=\"wp-block-media-text__content\">\n<p style=\"font-size:15px\">Le Parc National d\u2019lriqui occupe un espace vaste allant d\u2019oued Dra\u00e2 jusqu\u2019\u00e0 la retomb\u00e9e Sud de l\u2019Anti-Atlas, englobant ainsi les provinces de Zagora et celle de Tata<\/p>\n<\/div><\/div>\n\n\n\n<p><\/p>\n\n\n\n<div class=\"wp-block-media-text alignwide has-media-on-the-right is-stacked-on-mobile\"><figure class=\"wp-block-media-text__media\"><img loading=\"lazy\" decoding=\"async\" width=\"321\" height=\"382\" data-attachment-id=\"2163\" data-permalink=\"https:\/\/amepn.ma\/?attachment_id=2163\" data-orig-file=\"https:\/\/amepn.ma\/wp-content\/uploads\/2020\/12\/carte-iriki.png\" data-orig-size=\"321,382\" data-comments-opened=\"1\" data-image-meta=\"{&quot;aperture&quot;:&quot;0&quot;,&quot;credit&quot;:&quot;&quot;,&quot;camera&quot;:&quot;&quot;,&quot;caption&quot;:&quot;&quot;,&quot;created_timestamp&quot;:&quot;0&quot;,&quot;copyright&quot;:&quot;&quot;,&quot;focal_length&quot;:&quot;0&quot;,&quot;iso&quot;:&quot;0&quot;,&quot;shutter_speed&quot;:&quot;0&quot;,&quot;title&quot;:&quot;&quot;,&quot;orientation&quot;:&quot;0&quot;}\" data-image-title=\"carte-iriki\" data-image-description=\"\" data-image-caption=\"\" data-medium-file=\"https:\/\/amepn.ma\/wp-content\/uploads\/2020\/12\/carte-iriki-252x300.png\" data-large-file=\"https:\/\/amepn.ma\/wp-content\/uploads\/2020\/12\/carte-iriki.png\" src=\"https:\/\/amepn.ma\/wp-content\/uploads\/2020\/12\/carte-iriki.png\" alt=\"\" class=\"wp-image-2163\" srcset=\"https:\/\/amepn.ma\/wp-content\/uploads\/2020\/12\/carte-iriki.png 321w, https:\/\/amepn.ma\/wp-content\/uploads\/2020\/12\/carte-iriki-252x300.png 252w\" sizes=\"auto, (max-width: 321px) 100vw, 321px\" \/><\/figure><div class=\"wp-block-media-text__content\">\n<p class=\"has-text-align-justify has-normal-font-size\">Le parc national d&rsquo;Iriqui se situe entre le lit ass\u00e9ch\u00e9 de l\u2019oued Dra\u00e2 et la retomb\u00e9e sud de l\u2019Anti-Atlas, au sud d\u2019Ouarzazate et au sud-ouest de Zagora. Il fait partie de la r\u00e9gion du Dr\u00e2a-Tafilalet et se partage entre les provinces de Zagora et de Tata. Il comprend le lac Iriqui, qui se trouve entre Foum Zguid et M&rsquo;hamid. Ce lac est de nos jours le plus souvent ass\u00e9ch\u00e9. Il \u00e9tait le lieu pr\u00e9f\u00e9r\u00e9 des gazelles du Sud.<\/p>\n<\/div><\/div>\n\n\n\n<p style=\"font-size:15px\" class=\"has-text-align-justify\">Ce parc se distingue par des beaux paysages d\u00e9sertiques typiques du Sud marocain. Pendant la p\u00e9riode humide, le lac d\u2019lriqui, zone humide temporaire, constitue un lieu d\u2019escale et d\u2019hivernage de nombreux oiseaux d\u2019eau migrateurs (flamant rose, foulque et oies) et conf\u00e8re au parc un caract\u00e8re \u00e9cologique important. La r\u00e9habilitation de cette zone humide est l\u2019un des principaux objectifs de cr\u00e9ation du parc.<\/p>\n\n\n\n<p style=\"background-color:#f7ab76\" class=\"has-background\"><strong>LE PARC NATIONAL D\u2019IRIQUI\u00a0: UNE BIODIVERSITE FAUNISTIQUE ET FLORISTIQUE CONSIDERABLE<\/strong><\/p>\n\n\n\n<p style=\"font-size:15px\" class=\"has-text-align-justify\">Le parc rec\u00e8le d\u2019une flore remarquable qui se repr\u00e9sente par une steppe arbor\u00e9e et par une savane d\u2019Acacia Raddiana. Les milieux dunaires sont essentiellement couverts par le Tamarix.<\/p>\n\n\n\n<p style=\"font-size:15px\" class=\"has-text-align-justify\">Le parc national d\u2019lriqui abrite une faune vari\u00e9e repr\u00e9sent\u00e9e par la Gazelle Dorcas, le Mouflon \u00e0 manchettes, la Hy\u00e8ne, l\u2019Outarde Houbara, mais \u00e9galement par un grand nombre de reptiles tels que le L\u00e9zard, le C\u00e9raste, le Varan, le Cam\u00e9l\u00e9on, le Gecko et diff\u00e9rents types de serpents. La reconstitution et la r\u00e9introduction pr\u00e9vues de certaines esp\u00e8ces rares disparues de la faune saharienne telles que l\u2019Oryx, l\u2019Addax et l\u2019Autruche \u00e0 cou rouge conf\u00e9rera \u00e0 la r\u00e9gion une valeur \u00a0inestimable.<\/p>\n\n\n\n<figure class=\"wp-block-gallery columns-3 is-cropped wp-block-gallery-1 is-layout-flex wp-block-gallery-is-layout-flex\"><ul class=\"blocks-gallery-grid\"><li class=\"blocks-gallery-item\"><figure><img loading=\"lazy\" decoding=\"async\" width=\"317\" height=\"198\" data-attachment-id=\"2164\" data-permalink=\"https:\/\/amepn.ma\/?attachment_id=2164\" data-orig-file=\"https:\/\/amepn.ma\/wp-content\/uploads\/2020\/12\/gazelle.jpg\" data-orig-size=\"317,198\" data-comments-opened=\"1\" data-image-meta=\"{&quot;aperture&quot;:&quot;0&quot;,&quot;credit&quot;:&quot;&quot;,&quot;camera&quot;:&quot;&quot;,&quot;caption&quot;:&quot;&quot;,&quot;created_timestamp&quot;:&quot;0&quot;,&quot;copyright&quot;:&quot;&quot;,&quot;focal_length&quot;:&quot;0&quot;,&quot;iso&quot;:&quot;0&quot;,&quot;shutter_speed&quot;:&quot;0&quot;,&quot;title&quot;:&quot;&quot;,&quot;orientation&quot;:&quot;0&quot;}\" data-image-title=\"gazelle\" data-image-description=\"\" data-image-caption=\"\" data-medium-file=\"https:\/\/amepn.ma\/wp-content\/uploads\/2020\/12\/gazelle-300x187.jpg\" data-large-file=\"https:\/\/amepn.ma\/wp-content\/uploads\/2020\/12\/gazelle.jpg\" src=\"https:\/\/amepn.ma\/wp-content\/uploads\/2020\/12\/gazelle.jpg\" alt=\"\" data-id=\"2164\" data-link=\"https:\/\/amepn.ma\/iriki\/gazelle-2\/\" class=\"wp-image-2164\" srcset=\"https:\/\/amepn.ma\/wp-content\/uploads\/2020\/12\/gazelle.jpg 317w, https:\/\/amepn.ma\/wp-content\/uploads\/2020\/12\/gazelle-300x187.jpg 300w\" sizes=\"auto, (max-width: 317px) 100vw, 317px\" \/><\/figure><\/li><li class=\"blocks-gallery-item\"><figure><img loading=\"lazy\" decoding=\"async\" width=\"689\" height=\"522\" data-attachment-id=\"2165\" data-permalink=\"https:\/\/amepn.ma\/?attachment_id=2165\" data-orig-file=\"https:\/\/amepn.ma\/wp-content\/uploads\/2020\/12\/hyenne.jpg\" data-orig-size=\"689,522\" data-comments-opened=\"1\" data-image-meta=\"{&quot;aperture&quot;:&quot;0&quot;,&quot;credit&quot;:&quot;&quot;,&quot;camera&quot;:&quot;&quot;,&quot;caption&quot;:&quot;&quot;,&quot;created_timestamp&quot;:&quot;0&quot;,&quot;copyright&quot;:&quot;&quot;,&quot;focal_length&quot;:&quot;0&quot;,&quot;iso&quot;:&quot;0&quot;,&quot;shutter_speed&quot;:&quot;0&quot;,&quot;title&quot;:&quot;&quot;,&quot;orientation&quot;:&quot;0&quot;}\" data-image-title=\"hyenne\" data-image-description=\"\" data-image-caption=\"\" data-medium-file=\"https:\/\/amepn.ma\/wp-content\/uploads\/2020\/12\/hyenne-300x227.jpg\" data-large-file=\"https:\/\/amepn.ma\/wp-content\/uploads\/2020\/12\/hyenne.jpg\" src=\"https:\/\/amepn.ma\/wp-content\/uploads\/2020\/12\/hyenne.jpg\" alt=\"\" data-id=\"2165\" data-link=\"https:\/\/amepn.ma\/iriki\/hyenne\/\" class=\"wp-image-2165\" srcset=\"https:\/\/amepn.ma\/wp-content\/uploads\/2020\/12\/hyenne.jpg 689w, https:\/\/amepn.ma\/wp-content\/uploads\/2020\/12\/hyenne-300x227.jpg 300w\" sizes=\"auto, (max-width: 689px) 100vw, 689px\" \/><\/figure><\/li><li class=\"blocks-gallery-item\"><figure><img loading=\"lazy\" decoding=\"async\" width=\"228\" height=\"146\" data-attachment-id=\"2166\" data-permalink=\"https:\/\/amepn.ma\/?attachment_id=2166\" data-orig-file=\"https:\/\/amepn.ma\/wp-content\/uploads\/2020\/12\/mouflon.jpg\" data-orig-size=\"228,146\" data-comments-opened=\"1\" data-image-meta=\"{&quot;aperture&quot;:&quot;0&quot;,&quot;credit&quot;:&quot;&quot;,&quot;camera&quot;:&quot;&quot;,&quot;caption&quot;:&quot;&quot;,&quot;created_timestamp&quot;:&quot;0&quot;,&quot;copyright&quot;:&quot;&quot;,&quot;focal_length&quot;:&quot;0&quot;,&quot;iso&quot;:&quot;0&quot;,&quot;shutter_speed&quot;:&quot;0&quot;,&quot;title&quot;:&quot;&quot;,&quot;orientation&quot;:&quot;0&quot;}\" data-image-title=\"mouflon\" data-image-description=\"\" data-image-caption=\"\" data-medium-file=\"https:\/\/amepn.ma\/wp-content\/uploads\/2020\/12\/mouflon.jpg\" data-large-file=\"https:\/\/amepn.ma\/wp-content\/uploads\/2020\/12\/mouflon.jpg\" src=\"https:\/\/amepn.ma\/wp-content\/uploads\/2020\/12\/mouflon.jpg\" alt=\"\" data-id=\"2166\" data-link=\"https:\/\/amepn.ma\/iriki\/mouflon\/\" class=\"wp-image-2166\"\/><\/figure><\/li><li class=\"blocks-gallery-item\"><figure><img loading=\"lazy\" decoding=\"async\" width=\"314\" height=\"229\" data-attachment-id=\"2167\" data-permalink=\"https:\/\/amepn.ma\/?attachment_id=2167\" data-orig-file=\"https:\/\/amepn.ma\/wp-content\/uploads\/2020\/12\/outarde.jpg\" data-orig-size=\"314,229\" data-comments-opened=\"1\" data-image-meta=\"{&quot;aperture&quot;:&quot;0&quot;,&quot;credit&quot;:&quot;&quot;,&quot;camera&quot;:&quot;&quot;,&quot;caption&quot;:&quot;&quot;,&quot;created_timestamp&quot;:&quot;0&quot;,&quot;copyright&quot;:&quot;&quot;,&quot;focal_length&quot;:&quot;0&quot;,&quot;iso&quot;:&quot;0&quot;,&quot;shutter_speed&quot;:&quot;0&quot;,&quot;title&quot;:&quot;&quot;,&quot;orientation&quot;:&quot;0&quot;}\" data-image-title=\"outarde\" data-image-description=\"\" data-image-caption=\"\" data-medium-file=\"https:\/\/amepn.ma\/wp-content\/uploads\/2020\/12\/outarde-300x219.jpg\" data-large-file=\"https:\/\/amepn.ma\/wp-content\/uploads\/2020\/12\/outarde.jpg\" src=\"https:\/\/amepn.ma\/wp-content\/uploads\/2020\/12\/outarde.jpg\" alt=\"\" data-id=\"2167\" data-link=\"https:\/\/amepn.ma\/iriki\/outarde\/\" class=\"wp-image-2167\" srcset=\"https:\/\/amepn.ma\/wp-content\/uploads\/2020\/12\/outarde.jpg 314w, https:\/\/amepn.ma\/wp-content\/uploads\/2020\/12\/outarde-300x219.jpg 300w, https:\/\/amepn.ma\/wp-content\/uploads\/2020\/12\/outarde-90x65.jpg 90w\" sizes=\"auto, (max-width: 314px) 100vw, 314px\" \/><\/figure><\/li><li class=\"blocks-gallery-item\"><figure><img loading=\"lazy\" decoding=\"async\" width=\"328\" height=\"220\" data-attachment-id=\"2168\" data-permalink=\"https:\/\/amepn.ma\/?attachment_id=2168\" data-orig-file=\"https:\/\/amepn.ma\/wp-content\/uploads\/2020\/12\/tamarix.jpg\" data-orig-size=\"328,220\" data-comments-opened=\"1\" data-image-meta=\"{&quot;aperture&quot;:&quot;0&quot;,&quot;credit&quot;:&quot;&quot;,&quot;camera&quot;:&quot;&quot;,&quot;caption&quot;:&quot;&quot;,&quot;created_timestamp&quot;:&quot;0&quot;,&quot;copyright&quot;:&quot;&quot;,&quot;focal_length&quot;:&quot;0&quot;,&quot;iso&quot;:&quot;0&quot;,&quot;shutter_speed&quot;:&quot;0&quot;,&quot;title&quot;:&quot;&quot;,&quot;orientation&quot;:&quot;0&quot;}\" data-image-title=\"tamarix\" data-image-description=\"\" data-image-caption=\"\" data-medium-file=\"https:\/\/amepn.ma\/wp-content\/uploads\/2020\/12\/tamarix-300x201.jpg\" data-large-file=\"https:\/\/amepn.ma\/wp-content\/uploads\/2020\/12\/tamarix.jpg\" src=\"https:\/\/amepn.ma\/wp-content\/uploads\/2020\/12\/tamarix.jpg\" alt=\"\" data-id=\"2168\" data-link=\"https:\/\/amepn.ma\/iriki\/tamarix\/\" class=\"wp-image-2168\" srcset=\"https:\/\/amepn.ma\/wp-content\/uploads\/2020\/12\/tamarix.jpg 328w, https:\/\/amepn.ma\/wp-content\/uploads\/2020\/12\/tamarix-300x201.jpg 300w, https:\/\/amepn.ma\/wp-content\/uploads\/2020\/12\/tamarix-120x80.jpg 120w\" sizes=\"auto, (max-width: 328px) 100vw, 328px\" \/><\/figure><\/li><li class=\"blocks-gallery-item\"><figure><img loading=\"lazy\" decoding=\"async\" width=\"334\" height=\"206\" data-attachment-id=\"2169\" data-permalink=\"https:\/\/amepn.ma\/?attachment_id=2169\" data-orig-file=\"https:\/\/amepn.ma\/wp-content\/uploads\/2020\/12\/Acacia.jpg\" data-orig-size=\"334,206\" data-comments-opened=\"1\" data-image-meta=\"{&quot;aperture&quot;:&quot;0&quot;,&quot;credit&quot;:&quot;&quot;,&quot;camera&quot;:&quot;&quot;,&quot;caption&quot;:&quot;&quot;,&quot;created_timestamp&quot;:&quot;0&quot;,&quot;copyright&quot;:&quot;&quot;,&quot;focal_length&quot;:&quot;0&quot;,&quot;iso&quot;:&quot;0&quot;,&quot;shutter_speed&quot;:&quot;0&quot;,&quot;title&quot;:&quot;&quot;,&quot;orientation&quot;:&quot;0&quot;}\" data-image-title=\"Acacia\" data-image-description=\"\" data-image-caption=\"\" data-medium-file=\"https:\/\/amepn.ma\/wp-content\/uploads\/2020\/12\/Acacia-300x185.jpg\" data-large-file=\"https:\/\/amepn.ma\/wp-content\/uploads\/2020\/12\/Acacia.jpg\" src=\"https:\/\/amepn.ma\/wp-content\/uploads\/2020\/12\/Acacia.jpg\" alt=\"\" data-id=\"2169\" data-full-url=\"https:\/\/amepn.ma\/wp-content\/uploads\/2020\/12\/Acacia.jpg\" data-link=\"https:\/\/amepn.ma\/iriki\/acacia-2\/\" class=\"wp-image-2169\" srcset=\"https:\/\/amepn.ma\/wp-content\/uploads\/2020\/12\/Acacia.jpg 334w, https:\/\/amepn.ma\/wp-content\/uploads\/2020\/12\/Acacia-300x185.jpg 300w\" sizes=\"auto, (max-width: 334px) 100vw, 334px\" \/><\/figure><\/li><\/ul><\/figure>\n\n\n\n<p style=\"background-color:#f7ba41\" class=\"has-background\"><strong>Un potentiel d\u2019\u00e9cotourisme \u00e0 d\u00e9velopper<\/strong><\/p>\n\n\n\n<p style=\"font-size:15px\" class=\"has-text-align-justify\">L\u2019attractivit\u00e9 des paysages ainsi que le patrimoine culturel de la r\u00e9gion conf\u00e8re \u00e0 ce parc un potentiel \u00e9cotouristique important qui constituera un levier pour le d\u00e9veloppement \u00e9conomique local. Ce parc s\u2019identifie dans l\u2019effort de d\u00e9veloppement des circuits touristiques du grand sud, qui relient Merzouga, Zagora, M\u2019Hamid El Ghouzlane, Foum Zguid, Tata, Guelmim et Tan-Tan<\/p>\n\n\n\n<figure class=\"wp-block-gallery columns-2 is-cropped wp-block-gallery-2 is-layout-flex wp-block-gallery-is-layout-flex\"><ul class=\"blocks-gallery-grid\"><li class=\"blocks-gallery-item\"><figure><img loading=\"lazy\" decoding=\"async\" width=\"480\" height=\"300\" data-attachment-id=\"2171\" data-permalink=\"https:\/\/amepn.ma\/?attachment_id=2171\" data-orig-file=\"https:\/\/amepn.ma\/wp-content\/uploads\/2020\/12\/ijmktx6915000000_l.jpg\" data-orig-size=\"480,300\" data-comments-opened=\"1\" data-image-meta=\"{&quot;aperture&quot;:&quot;0&quot;,&quot;credit&quot;:&quot;&quot;,&quot;camera&quot;:&quot;&quot;,&quot;caption&quot;:&quot;&quot;,&quot;created_timestamp&quot;:&quot;0&quot;,&quot;copyright&quot;:&quot;&quot;,&quot;focal_length&quot;:&quot;0&quot;,&quot;iso&quot;:&quot;0&quot;,&quot;shutter_speed&quot;:&quot;0&quot;,&quot;title&quot;:&quot;&quot;,&quot;orientation&quot;:&quot;0&quot;}\" data-image-title=\"ijmktx6915000000_l\" data-image-description=\"\" data-image-caption=\"\" data-medium-file=\"https:\/\/amepn.ma\/wp-content\/uploads\/2020\/12\/ijmktx6915000000_l-300x188.jpg\" data-large-file=\"https:\/\/amepn.ma\/wp-content\/uploads\/2020\/12\/ijmktx6915000000_l.jpg\" src=\"https:\/\/amepn.ma\/wp-content\/uploads\/2020\/12\/ijmktx6915000000_l.jpg\" alt=\"\" data-id=\"2171\" data-full-url=\"https:\/\/amepn.ma\/wp-content\/uploads\/2020\/12\/ijmktx6915000000_l.jpg\" data-link=\"https:\/\/amepn.ma\/iriki\/ijmktx6915000000_l\/\" class=\"wp-image-2171\" srcset=\"https:\/\/amepn.ma\/wp-content\/uploads\/2020\/12\/ijmktx6915000000_l.jpg 480w, https:\/\/amepn.ma\/wp-content\/uploads\/2020\/12\/ijmktx6915000000_l-300x188.jpg 300w\" sizes=\"auto, (max-width: 480px) 100vw, 480px\" \/><figcaption class=\"blocks-gallery-item__caption\">Photo Maroc Trip<\/figcaption><\/figure><\/li><li class=\"blocks-gallery-item\"><figure><img loading=\"lazy\" decoding=\"async\" width=\"1024\" height=\"739\" data-attachment-id=\"2172\" data-permalink=\"https:\/\/amepn.ma\/?attachment_id=2172\" data-orig-file=\"https:\/\/amepn.ma\/wp-content\/uploads\/2020\/12\/Iriki-oasis.jpg\" data-orig-size=\"1024,739\" data-comments-opened=\"1\" data-image-meta=\"{&quot;aperture&quot;:&quot;0&quot;,&quot;credit&quot;:&quot;&quot;,&quot;camera&quot;:&quot;&quot;,&quot;caption&quot;:&quot;&quot;,&quot;created_timestamp&quot;:&quot;0&quot;,&quot;copyright&quot;:&quot;&quot;,&quot;focal_length&quot;:&quot;0&quot;,&quot;iso&quot;:&quot;0&quot;,&quot;shutter_speed&quot;:&quot;0&quot;,&quot;title&quot;:&quot;&quot;,&quot;orientation&quot;:&quot;0&quot;}\" data-image-title=\"Iriki-oasis\" data-image-description=\"\" data-image-caption=\"\" data-medium-file=\"https:\/\/amepn.ma\/wp-content\/uploads\/2020\/12\/Iriki-oasis-300x217.jpg\" data-large-file=\"https:\/\/amepn.ma\/wp-content\/uploads\/2020\/12\/Iriki-oasis.jpg\" src=\"https:\/\/amepn.ma\/wp-content\/uploads\/2020\/12\/Iriki-oasis.jpg\" alt=\"\" data-id=\"2172\" data-full-url=\"https:\/\/amepn.ma\/wp-content\/uploads\/2020\/12\/Iriki-oasis.jpg\" data-link=\"https:\/\/amepn.ma\/iriki\/iriki-oasis\/\" class=\"wp-image-2172\" srcset=\"https:\/\/amepn.ma\/wp-content\/uploads\/2020\/12\/Iriki-oasis.jpg 1024w, https:\/\/amepn.ma\/wp-content\/uploads\/2020\/12\/Iriki-oasis-300x217.jpg 300w, https:\/\/amepn.ma\/wp-content\/uploads\/2020\/12\/Iriki-oasis-768x554.jpg 768w, https:\/\/amepn.ma\/wp-content\/uploads\/2020\/12\/Iriki-oasis-90x65.jpg 90w\" sizes=\"auto, (max-width: 1024px) 100vw, 1024px\" \/><figcaption class=\"blocks-gallery-item__caption\">Photo GSN voyage<\/figcaption><\/figure><\/li><\/ul><\/figure>\n","protected":false},"excerpt":{"rendered":"<p>Parc National d&rsquo;Iriki Le Parc National d\u2019lriqui occupe un espace vaste allant d\u2019oued Dra\u00e2 jusqu\u2019\u00e0 la retomb\u00e9e Sud de l\u2019Anti-Atlas, englobant ainsi les provinces de Zagora et celle de Tata Le parc national d&rsquo;Iriqui se situe entre le lit ass\u00e9ch\u00e9 de l\u2019oued Dra\u00e2 et la retomb\u00e9e sud de l\u2019Anti-Atlas, au sud d\u2019Ouarzazate et au sud-ouest de Zagora. Il fait partie [&hellip;]<\/p>\n","protected":false},"author":2,"featured_media":0,"parent":0,"menu_order":0,"comment_status":"closed","ping_status":"closed","template":"","meta":{"_acf_changed":false,"footnotes":""},"class_list":["post-297","page","type-page","status-publish","hentry"],"acf":[],"jetpack_sharing_enabled":true,"jetpack_likes_enabled":true,"_links":{"self":[{"href":"https:\/\/amepn.ma\/index.php?rest_route=\/wp\/v2\/pages\/297","targetHints":{"allow":["GET"]}}],"collection":[{"href":"https:\/\/amepn.ma\/index.php?rest_route=\/wp\/v2\/pages"}],"about":[{"href":"https:\/\/amepn.ma\/index.php?rest_route=\/wp\/v2\/types\/page"}],"author":[{"embeddable":true,"href":"https:\/\/amepn.ma\/index.php?rest_route=\/wp\/v2\/users\/2"}],"replies":[{"embeddable":true,"href":"https:\/\/amepn.ma\/index.php?rest_route=%2Fwp%2Fv2%2Fcomments&post=297"}],"version-history":[{"count":4,"href":"https:\/\/amepn.ma\/index.php?rest_route=\/wp\/v2\/pages\/297\/revisions"}],"predecessor-version":[{"id":2173,"href":"https:\/\/amepn.ma\/index.php?rest_route=\/wp\/v2\/pages\/297\/revisions\/2173"}],"wp:attachment":[{"href":"https:\/\/amepn.ma\/index.php?rest_route=%2Fwp%2Fv2%2Fmedia&parent=297"}],"curies":[{"name":"wp","href":"https:\/\/api.w.org\/{rel}","templated":true}]}}