{"id":517,"date":"2020-04-05T02:05:24","date_gmt":"2020-04-05T00:05:24","guid":{"rendered":"https:\/\/amepn.ma\/?page_id=517"},"modified":"2020-09-20T02:13:25","modified_gmt":"2020-09-20T00:13:25","slug":"appels-doffres","status":"publish","type":"page","link":"https:\/\/amepn.ma\/?page_id=517","title":{"rendered":"Appels d&rsquo;offres"},"content":{"rendered":"\n<p style=\"color:#f2f6f8\" class=\"has-text-color has-background has-text-align-center has-medium-font-size has-vivid-cyan-blue-background-color\"><strong>Appels d&rsquo;offre ouverts <\/strong><\/p>\n\n\n\n<p class=\"has-text-color has-background has-text-align-left has-normal-font-size has-very-dark-gray-color has-luminous-vivid-amber-background-color\">Annonce n\u00b0 1 en date du 14\/04\/2020:  <strong>Achat d&rsquo;un v\u00e9hicule utilitaire<\/strong>        <strong>(cl\u00f4tur\u00e9)<\/strong><\/p>\n\n\n\n<div class=\"wp-block-media-text alignwide\" style=\"grid-template-columns:28% auto\"><figure class=\"wp-block-media-text__media\"><img loading=\"lazy\" decoding=\"async\" width=\"422\" height=\"294\" data-attachment-id=\"1031\" data-permalink=\"https:\/\/amepn.ma\/?attachment_id=1031\" data-orig-file=\"https:\/\/amepn.ma\/wp-content\/uploads\/2020\/04\/appel-doffres-logo.png\" data-orig-size=\"422,294\" data-comments-opened=\"1\" data-image-meta=\"{&quot;aperture&quot;:&quot;0&quot;,&quot;credit&quot;:&quot;&quot;,&quot;camera&quot;:&quot;&quot;,&quot;caption&quot;:&quot;&quot;,&quot;created_timestamp&quot;:&quot;0&quot;,&quot;copyright&quot;:&quot;&quot;,&quot;focal_length&quot;:&quot;0&quot;,&quot;iso&quot;:&quot;0&quot;,&quot;shutter_speed&quot;:&quot;0&quot;,&quot;title&quot;:&quot;&quot;,&quot;orientation&quot;:&quot;0&quot;}\" data-image-title=\"appel-doffres-logo\" data-image-description=\"\" data-image-caption=\"\" data-medium-file=\"https:\/\/amepn.ma\/wp-content\/uploads\/2020\/04\/appel-doffres-logo-300x209.png\" data-large-file=\"https:\/\/amepn.ma\/wp-content\/uploads\/2020\/04\/appel-doffres-logo.png\" src=\"https:\/\/amepn.ma\/wp-content\/uploads\/2020\/04\/appel-doffres-logo.png\" alt=\"\" class=\"wp-image-1031\" srcset=\"https:\/\/amepn.ma\/wp-content\/uploads\/2020\/04\/appel-doffres-logo.png 422w, https:\/\/amepn.ma\/wp-content\/uploads\/2020\/04\/appel-doffres-logo-300x209.png 300w\" sizes=\"auto, (max-width: 422px) 100vw, 422px\" \/><\/figure><div class=\"wp-block-media-text__content\">\n<p class=\"has-text-align-justify has-small-font-size\"> <strong>L<\/strong>\u2019Association Marocaine pour l\u2019Ecotourisme et la Protection de la Nature lance un appel d\u2019offre pour l\u2019Achat d\u2019un (1) v\u00e9hicule utilitaire, pour son projet de \u2018\u2019valorisation de la biodiversit\u00e9 dulcicole dans les parcs nationaux de Kh\u00e9nifra et d&rsquo;Ifrane, sous num\u00e9ro CEPF-110208\u2019\u2019. <strong>A<\/strong> cet effet, l&rsquo;AMEPN souhaite recevoir des propositions d\u2019offres de prix selon les caract\u00e9ristiques techniques mentionn\u00e9es dans la lettre de l&rsquo;appel d&rsquo;offre.  <strong>L<\/strong>a date limite de r\u00e9ception des offres est fix\u00e9e au 10 juillet 2020 \u00e0 18h30.  Vous pouvez t\u00e9l\u00e9charger l&rsquo;appel d&rsquo;offre sur le lien ci-apr\u00e8s : <\/p>\n<\/div><\/div>\n\n\n\n<div class=\"wp-block-file aligncenter\"><a href=\"https:\/\/amepn.ma\/wp-content\/uploads\/2020\/07\/appel-offre-n\u00b02-v\u00e9hicule.pdf\">appel-offre-n\u00b05bis-v\u00e9hicule<\/a><a href=\"https:\/\/amepn.ma\/wp-content\/uploads\/2020\/07\/appel-offre-n\u00b02-v\u00e9hicule.pdf\" class=\"wp-block-file__button\" download>T\u00e9l\u00e9charger<\/a><\/div>\n\n\n\n<p class=\"has-text-color has-background has-normal-font-size has-very-dark-gray-color has-luminous-vivid-amber-background-color\"> Annonce n\u00b0 2 en date du 20\/04\/2020 : <strong>Consultant &#8211; Formateur en mati\u00e8re de Biodiversit\u00e9 dulcicole<\/strong><\/p>\n\n\n\n<div class=\"wp-block-media-text alignwide\" style=\"grid-template-columns:28% auto\"><figure class=\"wp-block-media-text__media\"><img loading=\"lazy\" decoding=\"async\" width=\"422\" height=\"294\" data-attachment-id=\"1034\" data-permalink=\"https:\/\/amepn.ma\/?attachment_id=1034\" data-orig-file=\"https:\/\/amepn.ma\/wp-content\/uploads\/2020\/04\/appel-doffres-logo6.png\" data-orig-size=\"422,294\" data-comments-opened=\"1\" data-image-meta=\"{&quot;aperture&quot;:&quot;0&quot;,&quot;credit&quot;:&quot;&quot;,&quot;camera&quot;:&quot;&quot;,&quot;caption&quot;:&quot;&quot;,&quot;created_timestamp&quot;:&quot;0&quot;,&quot;copyright&quot;:&quot;&quot;,&quot;focal_length&quot;:&quot;0&quot;,&quot;iso&quot;:&quot;0&quot;,&quot;shutter_speed&quot;:&quot;0&quot;,&quot;title&quot;:&quot;&quot;,&quot;orientation&quot;:&quot;0&quot;}\" data-image-title=\"appel-doffres-logo6\" data-image-description=\"\" data-image-caption=\"\" data-medium-file=\"https:\/\/amepn.ma\/wp-content\/uploads\/2020\/04\/appel-doffres-logo6-300x209.png\" data-large-file=\"https:\/\/amepn.ma\/wp-content\/uploads\/2020\/04\/appel-doffres-logo6.png\" src=\"https:\/\/amepn.ma\/wp-content\/uploads\/2020\/04\/appel-doffres-logo6.png\" alt=\"\" class=\"wp-image-1034\" srcset=\"https:\/\/amepn.ma\/wp-content\/uploads\/2020\/04\/appel-doffres-logo6.png 422w, https:\/\/amepn.ma\/wp-content\/uploads\/2020\/04\/appel-doffres-logo6-300x209.png 300w\" sizes=\"auto, (max-width: 422px) 100vw, 422px\" \/><\/figure><div class=\"wp-block-media-text__content\">\n<p class=\"has-text-align-justify has-small-font-size\">Dans le cadre de son programme de formation pour l&rsquo;ann\u00e9e 2020, l&rsquo;AMEPN lance un appel \u00e0 manifestation d&rsquo;int\u00e9r\u00eat pour le recrutement de consultants-formateurs sp\u00e9cialis\u00e9s en Biodiversit\u00e9 dulcicole pour l&rsquo;animation d&rsquo;une formation au profit des cadres et acteurs op\u00e9rant au niveau des parcs nationaux de Kh\u00e9nifra, Ifrane et Haut Atlas Oriental. L&rsquo;objectif de cette formation est de permettre aux b\u00e9n\u00e9ficiaires de pouvoir identifier et suivre l&rsquo;\u00e9volution de la biodiversit\u00e9 dulcicole dans les espaces naturels prot\u00e9g\u00e9s.  Le d\u00e9tail de l&rsquo;appel d&rsquo;offres dans les termes de r\u00e9f\u00e9rence sur le lien suivant :<\/p>\n<\/div><\/div>\n","protected":false},"excerpt":{"rendered":"<p>Appels d&rsquo;offre ouverts Annonce n\u00b0 1 en date du 14\/04\/2020: Achat d&rsquo;un v\u00e9hicule utilitaire (cl\u00f4tur\u00e9) L\u2019Association Marocaine pour l\u2019Ecotourisme et la Protection de la Nature lance un appel d\u2019offre pour l\u2019Achat d\u2019un (1) v\u00e9hicule utilitaire, pour son projet de \u2018\u2019valorisation de la biodiversit\u00e9 dulcicole dans les parcs nationaux de Kh\u00e9nifra et d&rsquo;Ifrane, sous num\u00e9ro CEPF-110208\u2019\u2019. A cet effet, l&rsquo;AMEPN souhaite [&hellip;]<\/p>\n","protected":false},"author":2,"featured_media":0,"parent":0,"menu_order":0,"comment_status":"closed","ping_status":"closed","template":"","meta":{"_acf_changed":false,"footnotes":""},"class_list":["post-517","page","type-page","status-publish","hentry"],"acf":[],"jetpack_sharing_enabled":true,"jetpack_likes_enabled":true,"_links":{"self":[{"href":"https:\/\/amepn.ma\/index.php?rest_route=\/wp\/v2\/pages\/517","targetHints":{"allow":["GET"]}}],"collection":[{"href":"https:\/\/amepn.ma\/index.php?rest_route=\/wp\/v2\/pages"}],"about":[{"href":"https:\/\/amepn.ma\/index.php?rest_route=\/wp\/v2\/types\/page"}],"author":[{"embeddable":true,"href":"https:\/\/amepn.ma\/index.php?rest_route=\/wp\/v2\/users\/2"}],"replies":[{"embeddable":true,"href":"https:\/\/amepn.ma\/index.php?rest_route=%2Fwp%2Fv2%2Fcomments&post=517"}],"version-history":[{"count":23,"href":"https:\/\/amepn.ma\/index.php?rest_route=\/wp\/v2\/pages\/517\/revisions"}],"predecessor-version":[{"id":1927,"href":"https:\/\/amepn.ma\/index.php?rest_route=\/wp\/v2\/pages\/517\/revisions\/1927"}],"wp:attachment":[{"href":"https:\/\/amepn.ma\/index.php?rest_route=%2Fwp%2Fv2%2Fmedia&parent=517"}],"curies":[{"name":"wp","href":"https:\/\/api.w.org\/{rel}","templated":true}]}}