{"id":146,"date":"2023-07-17T19:35:33","date_gmt":"2023-07-17T17:35:33","guid":{"rendered":"https:\/\/amepn.ma\/rbca\/site\/?page_id=146"},"modified":"2024-01-06T21:53:04","modified_gmt":"2024-01-06T20:53:04","slug":"ouiouane","status":"publish","type":"page","link":"https:\/\/amepn.ma\/rbca\/observatoire\/?page_id=146","title":{"rendered":"Conseil Scientifique"},"content":{"rendered":"\n<p class=\"has-text-color\" style=\"color:#160101\">Le Conseil Scientifique ou comit\u00e9 scientifique de l&#8217;Observatoire des Zones Humides de la R\u00e9serve de Biosph\u00e8re du C\u00e8dre de l&#8217;Atlas est un organe scientifique dot\u00e9 du pouvoir technique pour validation de toute information scientifique \u00e9labor\u00e9e dans le cadre de cet Observatoire. Il est le seul \u00e0 \u00e9mettre des recommandations, \u00e0 proclamer des r\u00e9sultats et \u00e0 superviser les travaux de l&#8217;Observatoire. <\/p>\n\n\n\n<p class=\"has-text-color\" style=\"color:#010c10\">le Comit\u00e9 scientifique est compos\u00e9 de (i) des personnes physiques de renomm\u00e9e scientifique nationale et\/ou internationale sp\u00e9cialis\u00e9es dans les domaines concernant l&#8217;observatoire. (ii) des repr\u00e9sentants des institutions scientifiques, techniques et les repr\u00e9sentant des administrations ayant une relation directe avec les zones humides et (iii) des repr\u00e9sentants de la soci\u00e9t\u00e9 civile notamment ceux membres du r\u00e9seau associatif de la RBCA. <\/p>\n\n\n\n<p class=\"has-text-align-center has-very-light-gray-color has-luminous-vivid-orange-background-color has-text-color has-background has-medium-font-size\"><strong>BIOGRAPHIE DES MEMBRES DU COMITE SCIENTIFIQUE<\/strong><\/p>\n\n\n\n<p class=\"has-luminous-vivid-amber-background-color has-background has-small-font-size\"><\/p>\n\n\n\n<div class=\"wp-block-media-text is-stacked-on-mobile\" style=\"grid-template-columns:32% auto\"><figure class=\"wp-block-media-text__media\"><img loading=\"lazy\" decoding=\"async\" width=\"200\" height=\"200\" src=\"https:\/\/amepn.ma\/rbca\/site\/wp-content\/uploads\/2023\/12\/chillasse.jpg\" alt=\"\" class=\"wp-image-285 size-full\" srcset=\"https:\/\/amepn.ma\/rbca\/observatoire\/wp-content\/uploads\/2023\/12\/chillasse.jpg 200w, https:\/\/amepn.ma\/rbca\/observatoire\/wp-content\/uploads\/2023\/12\/chillasse-150x150.jpg 150w\" sizes=\"(max-width: 200px) 100vw, 200px\" \/><\/figure><div class=\"wp-block-media-text__content\">\n<div class=\"wp-block-group is-layout-constrained wp-block-group-is-layout-constrained\"><div class=\"wp-block-group__inner-container\">\n<p style=\"font-size:20px\"><strong>Professeur Chillasse Lahcen<\/strong>, <em>Coordinateur du R\u00e9seau Associatif de la RBCA<\/em><\/p>\n\n\n\n<p class=\"has-small-font-size\"> <strong>Professeur d\u2019Enseignement Sup\u00e9rieur (PES) <\/strong><\/p>\n\n\n\n<p class=\"has-small-font-size\"><strong>Doctorat d&#8217;Etat<\/strong><\/p>\n\n\n\n<p class=\"has-small-font-size\"> <strong>Sp\u00e9cialit\u00e9 : Ecologie, ornithologie, Gestion de l\u00b4environnement <\/strong><\/p>\n\n\n\n<p class=\"has-small-font-size\"><strong> Universit\u00e9 Moulay Ismail &#8211; Mekn\u00e8s . Facult\u00e9 des Sciences &#8211; Mekn\u00e8s<\/strong><\/p>\n\n\n\n<p class=\"has-small-font-size\"><strong>Domaines de comp\u00e9tences : Ornithologie de terrain; Herp\u00e9tologie \u00e9cotourisme; Management de l&#8217;environnement; Zones humides du Maroc  <\/strong><\/p>\n<\/div><\/div>\n<\/div><\/div>\n\n\n\n<p class=\"has-luminous-vivid-amber-background-color has-background has-small-font-size\"><\/p>\n\n\n\n<div class=\"wp-block-media-text is-stacked-on-mobile\" style=\"grid-template-columns:33% auto\"><figure class=\"wp-block-media-text__media\"><img loading=\"lazy\" decoding=\"async\" width=\"1024\" height=\"682\" src=\"https:\/\/amepn.ma\/rbca\/site\/wp-content\/uploads\/2023\/12\/IMG-20230927-WA0009-1024x682.jpg\" alt=\"\" class=\"wp-image-329 size-full\" srcset=\"https:\/\/amepn.ma\/rbca\/observatoire\/wp-content\/uploads\/2023\/12\/IMG-20230927-WA0009-1024x682.jpg 1024w, https:\/\/amepn.ma\/rbca\/observatoire\/wp-content\/uploads\/2023\/12\/IMG-20230927-WA0009-300x200.jpg 300w, https:\/\/amepn.ma\/rbca\/observatoire\/wp-content\/uploads\/2023\/12\/IMG-20230927-WA0009-768x512.jpg 768w, https:\/\/amepn.ma\/rbca\/observatoire\/wp-content\/uploads\/2023\/12\/IMG-20230927-WA0009-600x400.jpg 600w, https:\/\/amepn.ma\/rbca\/observatoire\/wp-content\/uploads\/2023\/12\/IMG-20230927-WA0009.jpg 1280w\" sizes=\"(max-width: 1024px) 100vw, 1024px\" \/><\/figure><div class=\"wp-block-media-text__content\">\n<p style=\"font-size:17px\"><strong>Touria HACHI<\/strong><\/p>\n\n\n\n<p class=\"has-small-font-size\"><strong>Docteur en science de la vie et de l&#8217;environnement <\/strong><\/p>\n\n\n\n<p class=\"has-small-font-size\"><strong>Sp\u00e9cialit\u00e9 : Sciences de l\u2019Environnement, Ing\u00e9nierie des Eaux us\u00e9es<\/strong><\/p>\n\n\n\n<p class=\"has-small-font-size\"><strong>Universit\u00e9 Sultan Moulay Slimane, Beni Mellal, Ecole Sup\u00e9rieure de Technologie de Kh\u00e9nifra. <\/strong><\/p>\n\n\n\n<p class=\"has-text-color has-small-font-size\" style=\"color:#021219\"><strong>Domaine de comp\u00e9tence : Caract\u00e9risation Physico-chimique des eaux us\u00e9es, \u00e9pid\u00e9miologie, Biologie, G\u00e9ologie, Chimie, Environnement <\/strong><\/p>\n<\/div><\/div>\n\n\n\n<p class=\"has-luminous-vivid-amber-background-color has-background has-small-font-size\"><\/p>\n\n\n\n<div class=\"wp-block-media-text is-stacked-on-mobile\" style=\"grid-template-columns:31% auto\"><figure class=\"wp-block-media-text__media\"><img loading=\"lazy\" decoding=\"async\" width=\"204\" height=\"204\" src=\"https:\/\/amepn.ma\/rbca\/site\/wp-content\/uploads\/2023\/12\/ABBA.jpg\" alt=\"\" class=\"wp-image-307 size-full\" srcset=\"https:\/\/amepn.ma\/rbca\/observatoire\/wp-content\/uploads\/2023\/12\/ABBA.jpg 204w, https:\/\/amepn.ma\/rbca\/observatoire\/wp-content\/uploads\/2023\/12\/ABBA-150x150.jpg 150w\" sizes=\"(max-width: 204px) 100vw, 204px\" \/><\/figure><div class=\"wp-block-media-text__content\">\n<p class=\"has-medium-font-size\"><strong>El Hassan ABBA<\/strong><\/p>\n\n\n\n<p class=\"has-small-font-size\"><strong>Doctorat d&#8217;Etat<\/strong><\/p>\n\n\n\n<p class=\"has-small-font-size\"><strong>Professeur<\/strong> \u00e0 l&#8217;Ecole Sup\u00e9rieure de Technologie de Kh\u00e9nifra (Universit\u00e9 Sultan Moulay Slimane)<\/p>\n\n\n\n<p class=\"has-small-font-size\"><strong>Sp\u00e9cialit\u00e9 : <\/strong>Aquaculture et gestion de la biodiversit\u00e9 aquacole<\/p>\n\n\n\n<p><\/p>\n<\/div><\/div>\n\n\n\n<p class=\"has-luminous-vivid-amber-background-color has-background has-small-font-size\"><\/p>\n\n\n\n<div class=\"wp-block-media-text is-stacked-on-mobile\" style=\"grid-template-columns:32% auto\"><figure class=\"wp-block-media-text__media\"><img loading=\"lazy\" decoding=\"async\" width=\"512\" height=\"512\" src=\"https:\/\/amepn.ma\/rbca\/site\/wp-content\/uploads\/2023\/12\/Mhamed-Khaffou.jpg\" alt=\"\" class=\"wp-image-309 size-full\" srcset=\"https:\/\/amepn.ma\/rbca\/observatoire\/wp-content\/uploads\/2023\/12\/Mhamed-Khaffou.jpg 512w, https:\/\/amepn.ma\/rbca\/observatoire\/wp-content\/uploads\/2023\/12\/Mhamed-Khaffou-300x300.jpg 300w, https:\/\/amepn.ma\/rbca\/observatoire\/wp-content\/uploads\/2023\/12\/Mhamed-Khaffou-150x150.jpg 150w\" sizes=\"(max-width: 512px) 100vw, 512px\" \/><\/figure><div class=\"wp-block-media-text__content\">\n<p class=\"has-medium-font-size\"><strong>M&#8217;Hamed KHAFFOU<\/strong><\/p>\n\n\n\n<p class=\"has-small-font-size\">Professeur \u00e0 l&#8217;Ecole Sup\u00e9rieure de Technologie de Kh\u00e9nifra (Universit\u00e9 Sultan Moulay Slimane)<\/p>\n\n\n\n<p class=\"has-small-font-size\"><strong>Sp\u00e9cialit\u00e9 : <\/strong>G\u00e9nie de l&#8217;Environnement<\/p>\n\n\n\n<p class=\"has-small-font-size\"><strong>Domaine de comp\u00e9tence : <\/strong>Cartographie des habitats naturels des zones humides continentales; Assainissement durable : une solution adapt\u00e9e en milieu rural.<\/p>\n<\/div><\/div>\n\n\n\n<p class=\"has-luminous-vivid-amber-background-color has-background has-small-font-size\"><\/p>\n\n\n\n<div class=\"wp-block-media-text is-stacked-on-mobile\" style=\"grid-template-columns:29% auto\"><figure class=\"wp-block-media-text__media\"><img loading=\"lazy\" decoding=\"async\" width=\"365\" height=\"431\" src=\"https:\/\/amepn.ma\/rbca\/site\/wp-content\/uploads\/2023\/12\/ghamizi.jpg\" alt=\"\" class=\"wp-image-313 size-full\" srcset=\"https:\/\/amepn.ma\/rbca\/observatoire\/wp-content\/uploads\/2023\/12\/ghamizi.jpg 365w, https:\/\/amepn.ma\/rbca\/observatoire\/wp-content\/uploads\/2023\/12\/ghamizi-254x300.jpg 254w\" sizes=\"(max-width: 365px) 100vw, 365px\" \/><\/figure><div class=\"wp-block-media-text__content\">\n<p class=\"has-medium-font-size\"><strong>Mohamed Ghamizi<\/strong><\/p>\n\n\n\n<p class=\"has-small-font-size\"><strong>Professeur<\/strong> \u00e0 l&#8217;Universit\u00e9 Cadi Ayyad, Marrakech<\/p>\n\n\n\n<p class=\"has-small-font-size\"><strong>Directeur<\/strong> du Mus\u00e9um d&#8217;Histoire Naturelle de Marrakech<\/p>\n\n\n\n<p class=\"has-small-font-size\"><strong>Sp\u00e9cialit\u00e9:<\/strong> Biodiversit\u00e9 des eaux souterraines des grottes et des milieux interstitiels<\/p>\n\n\n\n<p class=\"has-small-font-size\"><strong>Domaines de comp\u00e9tence : <\/strong>Recherches sur l&#8217;eau douce en r\u00e9gion pal\u00e9arctique. Mener des projets sur l&#8217;\u00e9valuation hydrobiologique des zones humides m\u00e9diterran\u00e9ennes. Utiliser des m\u00e9thodes de collecte et des approches taxonomiques pour d\u00e9crire les esp\u00e8ces de mollusques vivant dans les eaux souterraines et les eaux souterraines et \u00e9pig\u00e9es.<\/p>\n<\/div><\/div>\n\n\n\n<p class=\"has-luminous-vivid-amber-background-color has-background has-small-font-size\"><\/p>\n\n\n\n<div class=\"wp-block-media-text is-stacked-on-mobile\" style=\"grid-template-columns:27% auto\"><figure class=\"wp-block-media-text__media\"><img loading=\"lazy\" decoding=\"async\" width=\"277\" height=\"299\" src=\"https:\/\/amepn.ma\/rbca\/site\/wp-content\/uploads\/2024\/01\/khalid-sellam.png\" alt=\"\" class=\"wp-image-456 size-full\"\/><\/figure><div class=\"wp-block-media-text__content\">\n<p class=\"has-medium-font-size\"><strong>Khalid SELLAM<\/strong><\/p>\n\n\n\n<p class=\"has-small-font-size\">Professeur \u00e0 la Facult\u00e9 des Sciences et Techniques d&#8217;Errachidia <\/p>\n\n\n\n<p class=\"has-small-font-size\"><strong>Universit\u00e9 :<\/strong> Moulay Ismail Mekn\u00e8s<\/p>\n\n\n\n<p class=\"has-small-font-size\">Equipe de Recherche Biologie, Environnement et Sant\u00e9<\/p>\n<\/div><\/div>\n\n\n\n<p class=\"has-luminous-vivid-amber-background-color has-background has-small-font-size\"><\/p>\n\n\n\n<div class=\"wp-block-media-text is-stacked-on-mobile\" style=\"grid-template-columns:31% auto\"><figure class=\"wp-block-media-text__media\"><img loading=\"lazy\" decoding=\"async\" width=\"415\" height=\"420\" src=\"https:\/\/amepn.ma\/rbca\/site\/wp-content\/uploads\/2023\/12\/Bammou.jpg\" alt=\"\" class=\"wp-image-322 size-full\" srcset=\"https:\/\/amepn.ma\/rbca\/observatoire\/wp-content\/uploads\/2023\/12\/Bammou.jpg 415w, https:\/\/amepn.ma\/rbca\/observatoire\/wp-content\/uploads\/2023\/12\/Bammou-296x300.jpg 296w\" sizes=\"(max-width: 415px) 100vw, 415px\" \/><\/figure><div class=\"wp-block-media-text__content\">\n<p class=\"has-medium-font-size\"><strong>Mohamed BAMMOU<\/strong><\/p>\n\n\n\n<p class=\"has-small-font-size\">Professeur \u00e0 la Facult\u00e9 des Sciences et Techniques d&#8217;Errachidia<\/p>\n\n\n\n<p class=\"has-small-font-size\"><strong>Affectation :<\/strong> D\u00e9partement de Biologie <\/p>\n\n\n\n<p class=\"has-small-font-size\"><strong>Domaine de comp\u00e9tence :<\/strong> Membre de l&#8217;\u00e9quipe de recherche Biologie, Environnement et Sant\u00e9<\/p>\n<\/div><\/div>\n\n\n\n<p class=\"has-luminous-vivid-amber-background-color has-background has-small-font-size\"><\/p>\n\n\n\n<div class=\"wp-block-media-text is-stacked-on-mobile\" style=\"grid-template-columns:32% auto\"><figure class=\"wp-block-media-text__media\"><img loading=\"lazy\" decoding=\"async\" width=\"421\" height=\"452\" src=\"https:\/\/amepn.ma\/rbca\/site\/wp-content\/uploads\/2023\/12\/IMG-20231221-WA0014.jpg\" alt=\"\" class=\"wp-image-332 size-full\" srcset=\"https:\/\/amepn.ma\/rbca\/observatoire\/wp-content\/uploads\/2023\/12\/IMG-20231221-WA0014.jpg 421w, https:\/\/amepn.ma\/rbca\/observatoire\/wp-content\/uploads\/2023\/12\/IMG-20231221-WA0014-279x300.jpg 279w\" sizes=\"(max-width: 421px) 100vw, 421px\" \/><\/figure><div class=\"wp-block-media-text__content\">\n<p class=\"has-medium-font-size\"><strong>Alem Chakib<\/strong><\/p>\n\n\n\n<p class=\"has-small-font-size\"><strong>Professeur <\/strong>\u00e0 la Facult\u00e9 des Sciences et Techniques d&#8217;Errachidia<\/p>\n\n\n\n<p class=\"has-small-font-size\"><strong>Enseignant chercheur<\/strong><\/p>\n\n\n\n<p class=\"has-small-font-size\"><strong>Domaines de comp\u00e9tence: <\/strong>Biochimie et D\u00e9veloppement Durable<\/p>\n<\/div><\/div>\n\n\n\n<p class=\"has-luminous-vivid-amber-background-color has-background has-small-font-size\"><\/p>\n\n\n\n<div class=\"wp-block-media-text is-stacked-on-mobile\" style=\"grid-template-columns:32% auto\"><figure class=\"wp-block-media-text__media\"><img loading=\"lazy\" decoding=\"async\" width=\"156\" height=\"190\" src=\"https:\/\/amepn.ma\/rbca\/site\/wp-content\/uploads\/2024\/01\/smouni.jpg\" alt=\"\" class=\"wp-image-463 size-full\"\/><\/figure><div class=\"wp-block-media-text__content\">\n<p class=\"has-medium-font-size\"><strong>Adil SMOUNI<\/strong><\/p>\n\n\n\n<p class=\"has-small-font-size\">Pr\u00e9sident de la F\u00e9d\u00e9ration Marocaine de la P\u00eache Ecologique<\/p>\n\n\n\n<p class=\"has-small-font-size\">Domaine de comp\u00e9tence : Biodiversit\u00e9 aquatique, pisciculture, r\u00e9glementation de la p\u00eache, sant\u00e9<\/p>\n<\/div><\/div>\n\n\n\n<p class=\"has-luminous-vivid-amber-background-color has-background has-small-font-size\"><\/p>\n\n\n\n<div class=\"wp-block-media-text is-stacked-on-mobile\" style=\"grid-template-columns:32% auto\"><figure class=\"wp-block-media-text__media\"><img loading=\"lazy\" decoding=\"async\" width=\"397\" height=\"514\" src=\"https:\/\/amepn.ma\/rbca\/site\/wp-content\/uploads\/2023\/12\/20231129_235637.jpg\" alt=\"\" class=\"wp-image-346 size-full\" srcset=\"https:\/\/amepn.ma\/rbca\/observatoire\/wp-content\/uploads\/2023\/12\/20231129_235637.jpg 397w, https:\/\/amepn.ma\/rbca\/observatoire\/wp-content\/uploads\/2023\/12\/20231129_235637-232x300.jpg 232w\" sizes=\"(max-width: 397px) 100vw, 397px\" \/><\/figure><div class=\"wp-block-media-text__content\">\n<p class=\"has-medium-font-size\"><strong>Brahim ABOUELABBES<\/strong><\/p>\n\n\n\n<p class=\"has-small-font-size\">Ing\u00e9nieur en Chef : Ecologie et Gestion des Ressources Naturelles \u00e0 l&#8217;Agence Nationale des Eaux et For\u00eats &#8211; Rabat<\/p>\n\n\n\n<p class=\"has-small-font-size\">Membre de la Commission Mondiale de l&#8217;Education et de la Communication de l&#8217;UICN<\/p>\n\n\n\n<p class=\"has-small-font-size\">Pr\u00e9sident Fondateur de l&#8217;Association Marocaine pour l&#8217;Ecotourisme et la Protection de la Nature.<\/p>\n\n\n\n<p class=\"has-small-font-size\">Domaine de comp\u00e9tence: Gestion des aires prot\u00e9g\u00e9es, Ecologie, Biologie, Ecotourisme, Education \u00e0 l&#8217;environnement, Biodiversit\u00e9.<\/p>\n<\/div><\/div>\n\n\n\n<p class=\"has-luminous-vivid-amber-background-color has-background has-small-font-size\"><\/p>\n\n\n\n<div class=\"wp-block-media-text is-stacked-on-mobile\" style=\"grid-template-columns:33% auto\"><figure class=\"wp-block-media-text__media\"><img loading=\"lazy\" decoding=\"async\" width=\"987\" height=\"1024\" src=\"https:\/\/amepn.ma\/rbca\/site\/wp-content\/uploads\/2023\/12\/20231227_184006-987x1024.jpg\" alt=\"\" class=\"wp-image-376 size-full\" srcset=\"https:\/\/amepn.ma\/rbca\/observatoire\/wp-content\/uploads\/2023\/12\/20231227_184006-987x1024.jpg 987w, https:\/\/amepn.ma\/rbca\/observatoire\/wp-content\/uploads\/2023\/12\/20231227_184006-289x300.jpg 289w, https:\/\/amepn.ma\/rbca\/observatoire\/wp-content\/uploads\/2023\/12\/20231227_184006-768x797.jpg 768w, https:\/\/amepn.ma\/rbca\/observatoire\/wp-content\/uploads\/2023\/12\/20231227_184006-1481x1536.jpg 1481w, https:\/\/amepn.ma\/rbca\/observatoire\/wp-content\/uploads\/2023\/12\/20231227_184006-1974x2048.jpg 1974w, https:\/\/amepn.ma\/rbca\/observatoire\/wp-content\/uploads\/2023\/12\/20231227_184006.jpg 2009w\" sizes=\"(max-width: 987px) 100vw, 987px\" \/><\/figure><div class=\"wp-block-media-text__content\">\n<p class=\"has-medium-font-size\"><strong>Hassan BELAHCEN<\/strong><\/p>\n\n\n\n<p class=\"has-small-font-size\"><strong>Ing\u00e9nieur en Chef<\/strong> des Eaux et For\u00eats<\/p>\n\n\n\n<p class=\"has-small-font-size\"><strong>Fonction<\/strong> : Directeur du Parc National de Kh\u00e9nifra (Agence Nationale des Eaux et For\u00eats)<\/p>\n\n\n\n<p class=\"has-small-font-size\"><strong>Domaine de comp\u00e9tence: <\/strong>Am\u00e9nagement et gestion des aires prot\u00e9g\u00e9es, Ecologie et gestion des ressources naturelles, am\u00e9nagement des for\u00eats, Biodiversit\u00e9, <\/p>\n<\/div><\/div>\n\n\n\n<p class=\"has-luminous-vivid-amber-background-color has-background has-small-font-size\"><\/p>\n\n\n\n<div class=\"wp-block-media-text is-stacked-on-mobile\" style=\"grid-template-columns:33% auto\"><figure class=\"wp-block-media-text__media\"><img loading=\"lazy\" decoding=\"async\" width=\"474\" height=\"562\" src=\"https:\/\/amepn.ma\/rbca\/site\/wp-content\/uploads\/2023\/12\/aziz2.jpg\" alt=\"\" class=\"wp-image-389 size-full\" srcset=\"https:\/\/amepn.ma\/rbca\/observatoire\/wp-content\/uploads\/2023\/12\/aziz2.jpg 474w, https:\/\/amepn.ma\/rbca\/observatoire\/wp-content\/uploads\/2023\/12\/aziz2-253x300.jpg 253w\" sizes=\"(max-width: 474px) 100vw, 474px\" \/><\/figure><div class=\"wp-block-media-text__content\">\n<p class=\"has-medium-font-size\"><strong>Abdelaziz ELMOUADENE<\/strong><\/p>\n\n\n\n<p class=\"has-small-font-size\"><strong>Ing\u00e9nieur d&#8217;Etat <\/strong>des Eaux et For\u00eats <\/p>\n\n\n\n<p class=\"has-small-font-size\"><strong>Fonction <\/strong>: Directeur du Parc National du Haut Atlas Oriental (Agence Nationale des Eaux et For\u00eats)<\/p>\n\n\n\n<p class=\"has-small-font-size\"><strong>Domaine de comp\u00e9tence: <\/strong>Am\u00e9nagement des aires prot\u00e9g\u00e9es, Gestion des ressources naturelles, Ecologie, Biodiversit\u00e9, <\/p>\n<\/div><\/div>\n\n\n\n<p class=\"has-luminous-vivid-amber-background-color has-background has-small-font-size\"><\/p>\n\n\n\n<div class=\"wp-block-media-text is-stacked-on-mobile\" style=\"grid-template-columns:34% auto\"><figure class=\"wp-block-media-text__media\"><img loading=\"lazy\" decoding=\"async\" width=\"683\" height=\"1024\" src=\"https:\/\/amepn.ma\/rbca\/site\/wp-content\/uploads\/2023\/12\/20231225_232337-683x1024.jpg\" alt=\"\" class=\"wp-image-341 size-full\" srcset=\"https:\/\/amepn.ma\/rbca\/observatoire\/wp-content\/uploads\/2023\/12\/20231225_232337-683x1024.jpg 683w, https:\/\/amepn.ma\/rbca\/observatoire\/wp-content\/uploads\/2023\/12\/20231225_232337-200x300.jpg 200w, https:\/\/amepn.ma\/rbca\/observatoire\/wp-content\/uploads\/2023\/12\/20231225_232337-768x1152.jpg 768w, https:\/\/amepn.ma\/rbca\/observatoire\/wp-content\/uploads\/2023\/12\/20231225_232337-1024x1536.jpg 1024w, https:\/\/amepn.ma\/rbca\/observatoire\/wp-content\/uploads\/2023\/12\/20231225_232337.jpg 1049w\" sizes=\"(max-width: 683px) 100vw, 683px\" \/><\/figure><div class=\"wp-block-media-text__content\">\n<p class=\"has-medium-font-size\"><strong>Rachid RHAFOURI<\/strong><\/p>\n\n\n\n<p class=\"has-small-font-size\"><strong>Docteur <\/strong>en Biochimie <\/p>\n\n\n\n<p class=\"has-small-font-size\"><strong>Fonction : <\/strong>Chercheur au Centre National d&#8217;Hydrobiologie et de Pisciculture d&#8217;Azrou<\/p>\n\n\n\n<p class=\"has-small-font-size\">Membre de l&#8217;AMEPN<\/p>\n<\/div><\/div>\n\n\n\n<p class=\"has-luminous-vivid-amber-background-color has-background has-small-font-size\"><\/p>\n\n\n\n<div class=\"wp-block-media-text is-stacked-on-mobile\" style=\"grid-template-columns:34% auto\"><figure class=\"wp-block-media-text__media\"><img loading=\"lazy\" decoding=\"async\" width=\"943\" height=\"1004\" src=\"https:\/\/amepn.ma\/rbca\/site\/wp-content\/uploads\/2023\/12\/20231227_184436.jpg\" alt=\"\" class=\"wp-image-378 size-full\" srcset=\"https:\/\/amepn.ma\/rbca\/observatoire\/wp-content\/uploads\/2023\/12\/20231227_184436.jpg 943w, https:\/\/amepn.ma\/rbca\/observatoire\/wp-content\/uploads\/2023\/12\/20231227_184436-282x300.jpg 282w, https:\/\/amepn.ma\/rbca\/observatoire\/wp-content\/uploads\/2023\/12\/20231227_184436-768x818.jpg 768w\" sizes=\"(max-width: 943px) 100vw, 943px\" \/><\/figure><div class=\"wp-block-media-text__content\">\n<p class=\"has-medium-font-size\"><strong>Nom : BENLEMLIH<\/strong><\/p>\n\n\n\n<p class=\"has-small-font-size\"><strong>Pr\u00e9nom : <\/strong>Oulaia<\/p>\n\n\n\n<p class=\"has-small-font-size\"><strong>Fonction:<\/strong> Consultante en \u00e9ducation \u00e0 l&#8217;environnement, Membre de l&#8217;Association Marocaine pour l&#8217;Ecotourisme et la Protection de la Nature<\/p>\n\n\n\n<p class=\"has-small-font-size\"><strong>Domaine de comp\u00e9tence : <\/strong>Education environnementale, biodiversit\u00e9, biochimie  <\/p>\n<\/div><\/div>\n\n\n\n<p class=\"has-luminous-vivid-amber-background-color has-background has-small-font-size\"><\/p>\n\n\n\n<div class=\"wp-block-media-text is-stacked-on-mobile\" style=\"grid-template-columns:32% auto\"><figure class=\"wp-block-media-text__media\"><img loading=\"lazy\" decoding=\"async\" width=\"359\" height=\"363\" src=\"https:\/\/amepn.ma\/rbca\/site\/wp-content\/uploads\/2023\/12\/bendifi.jpg\" alt=\"\" class=\"wp-image-402 size-full\" srcset=\"https:\/\/amepn.ma\/rbca\/observatoire\/wp-content\/uploads\/2023\/12\/bendifi.jpg 359w, https:\/\/amepn.ma\/rbca\/observatoire\/wp-content\/uploads\/2023\/12\/bendifi-297x300.jpg 297w\" sizes=\"(max-width: 359px) 100vw, 359px\" \/><\/figure><div class=\"wp-block-media-text__content\">\n<p class=\"has-medium-font-size\"><strong>Nom : BENDIFI<\/strong><\/p>\n\n\n\n<p class=\"has-small-font-size\"><strong>Pr\u00e9nom :<\/strong> Mohamed<\/p>\n\n\n\n<p class=\"has-small-font-size\"><strong>Fonction : <\/strong>Cadre et animateur nature \u00e0 la Direction R\u00e9gionale de l&#8217;Agence Nationale des Eaux et For\u00eats de F\u00e8s &#8211; Mekn\u00e8s<\/p>\n\n\n\n<p class=\"has-small-font-size\"><strong>Domaine de comp\u00e9tence : <\/strong>Biodiversit\u00e9, For\u00eats, zones humides, \u00e9ducation environnementale.<\/p>\n<\/div><\/div>\n\n\n\n<p class=\"has-luminous-vivid-amber-background-color has-background has-small-font-size\"><\/p>\n\n\n\n<div class=\"wp-block-media-text is-stacked-on-mobile\" style=\"grid-template-columns:33% auto\"><figure class=\"wp-block-media-text__media\"><img loading=\"lazy\" decoding=\"async\" width=\"282\" height=\"251\" src=\"https:\/\/amepn.ma\/rbca\/site\/wp-content\/uploads\/2023\/12\/drihem-2.jpg\" alt=\"\" class=\"wp-image-424 size-full\"\/><\/figure><div class=\"wp-block-media-text__content\">\n<p class=\"has-medium-font-size\"><strong>Nom : DRIHEM<\/strong><\/p>\n\n\n\n<p class=\"has-small-font-size\"><strong>Pr\u00e9nom : <\/strong>Mohamed<\/p>\n\n\n\n<p class=\"has-small-font-size\"><strong>Fonction:<\/strong> acteur associatif et repr\u00e9sentant de la presse nationale et r\u00e9gionale<\/p>\n\n\n\n<p class=\"has-small-font-size\"><strong>Domaine de comp\u00e9tence :<\/strong> Zones humides, for\u00eat, \u00e9ducation et communication.<\/p>\n<\/div><\/div>\n\n\n\n<p class=\"has-luminous-vivid-amber-background-color has-background has-small-font-size\"><\/p>\n\n\n\n<p><\/p>\n","protected":false},"excerpt":{"rendered":"<p>Le Conseil Scientifique ou comit\u00e9 scientifique de l&#8217;Observatoire des Zones Humides de la R\u00e9serve de Biosph\u00e8re du C\u00e8dre de l&#8217;Atlas est un organe scientifique dot\u00e9 du pouvoir technique pour validation de toute information scientifique \u00e9labor\u00e9e dans le cadre de cet Observatoire. Il est le seul \u00e0 \u00e9mettre des recommandations, \u00e0 proclamer des r\u00e9sultats et \u00e0 superviser les travaux de l&#8217;Observatoire. [&hellip;]<\/p>\n","protected":false},"author":1,"featured_media":0,"parent":0,"menu_order":0,"comment_status":"closed","ping_status":"closed","template":"","meta":{"footnotes":""},"_links":{"self":[{"href":"https:\/\/amepn.ma\/rbca\/observatoire\/index.php?rest_route=\/wp\/v2\/pages\/146"}],"collection":[{"href":"https:\/\/amepn.ma\/rbca\/observatoire\/index.php?rest_route=\/wp\/v2\/pages"}],"about":[{"href":"https:\/\/amepn.ma\/rbca\/observatoire\/index.php?rest_route=\/wp\/v2\/types\/page"}],"author":[{"embeddable":true,"href":"https:\/\/amepn.ma\/rbca\/observatoire\/index.php?rest_route=\/wp\/v2\/users\/1"}],"replies":[{"embeddable":true,"href":"https:\/\/amepn.ma\/rbca\/observatoire\/index.php?rest_route=%2Fwp%2Fv2%2Fcomments&post=146"}],"version-history":[{"count":38,"href":"https:\/\/amepn.ma\/rbca\/observatoire\/index.php?rest_route=\/wp\/v2\/pages\/146\/revisions"}],"predecessor-version":[{"id":465,"href":"https:\/\/amepn.ma\/rbca\/observatoire\/index.php?rest_route=\/wp\/v2\/pages\/146\/revisions\/465"}],"wp:attachment":[{"href":"https:\/\/amepn.ma\/rbca\/observatoire\/index.php?rest_route=%2Fwp%2Fv2%2Fmedia&parent=146"}],"curies":[{"name":"wp","href":"https:\/\/api.w.org\/{rel}","templated":true}]}}