{"id":154,"date":"2023-07-17T19:36:47","date_gmt":"2023-07-17T17:36:47","guid":{"rendered":"https:\/\/amepn.ma\/rbca\/site\/?page_id=154"},"modified":"2023-12-23T19:51:23","modified_gmt":"2023-12-23T18:51:23","slug":"seminaires","status":"publish","type":"page","link":"https:\/\/amepn.ma\/rbca\/observatoire\/?page_id=154","title":{"rendered":"S\u00e9minaires &#038; Foires"},"content":{"rendered":"\n<p><strong>S\u00e9minaire sur le th\u00e8me : &#8220;Quelle place de la Montagne dans la pr\u00e9servation des grands cycles de l&#8217;eau face aux changements climatiques ? Cas de l&#8217;Observatoire des Zones Humides de la R\u00e9serve de Biosph\u00e8re du C\u00e8dre de l&#8217;Atlas&#8221;<\/strong> <strong>Ifrane les 20 et 21\/12\/2023 <\/strong><\/p>\n\n\n\n<figure class=\"wp-block-gallery aligncenter has-nested-images columns-default is-cropped wp-block-gallery-1 is-layout-flex wp-block-gallery-is-layout-flex\">\n<figure class=\"wp-block-image size-full\"><img loading=\"lazy\" decoding=\"async\" width=\"640\" height=\"480\" data-id=\"301\" src=\"https:\/\/amepn.ma\/rbca\/site\/wp-content\/uploads\/2023\/12\/412758279_746787007492048_6055896493215077706_n.jpg\" alt=\"\" class=\"wp-image-301\" srcset=\"https:\/\/amepn.ma\/rbca\/observatoire\/wp-content\/uploads\/2023\/12\/412758279_746787007492048_6055896493215077706_n.jpg 640w, https:\/\/amepn.ma\/rbca\/observatoire\/wp-content\/uploads\/2023\/12\/412758279_746787007492048_6055896493215077706_n-300x225.jpg 300w\" sizes=\"(max-width: 640px) 100vw, 640px\" \/><\/figure>\n\n\n\n<figure class=\"wp-block-image size-full\"><img loading=\"lazy\" decoding=\"async\" width=\"960\" height=\"538\" data-id=\"303\" src=\"https:\/\/amepn.ma\/rbca\/site\/wp-content\/uploads\/2023\/12\/412726494_746255557545193_3689390283891324736_n.jpg\" alt=\"\" class=\"wp-image-303\" srcset=\"https:\/\/amepn.ma\/rbca\/observatoire\/wp-content\/uploads\/2023\/12\/412726494_746255557545193_3689390283891324736_n.jpg 960w, https:\/\/amepn.ma\/rbca\/observatoire\/wp-content\/uploads\/2023\/12\/412726494_746255557545193_3689390283891324736_n-300x168.jpg 300w, https:\/\/amepn.ma\/rbca\/observatoire\/wp-content\/uploads\/2023\/12\/412726494_746255557545193_3689390283891324736_n-768x430.jpg 768w\" sizes=\"(max-width: 960px) 100vw, 960px\" \/><\/figure>\n<\/figure>\n\n\n\n<p class=\"has-small-font-size\">A l&#8217;occasion de la Journ\u00e9e Internationale de la Montagne, l&#8217;Association Marocaine d&#8217;Ecotourisme et de Conservation de la Nature et le r\u00e9seau des associations de la R\u00e9serve de Biosph\u00e8re des C\u00e8dres de l&#8217;Atlas, en partenariat avec l&#8217;Agence Nationale des Eaux et For\u00eats, organisent les 20 et 21 d\u00e9cembre \u00e0 Ifrane un Colloque scientifique sur le th\u00e8me : \u00ab La montagne et son r\u00f4le dans le maintien des grands cycles de l\u2019eau face aux impacts du changement climatique : Pr\u00e9sentation de l\u2019Observatoire des zones humides de la R\u00e9serve de biosph\u00e8re des C\u00e8dres de l\u2019Atlas \u00bb Avec la contribution de l&#8217;Agence Nationale des Eaux et For\u00eats et des institutions scientifiques universitaires telles que l&#8217;Ecole Sup\u00e9rieure de Technologie de Kh\u00e9nifra affili\u00e9e \u00e0 l&#8217;Universit\u00e9 Sultan Moulay Slimane, la Facult\u00e9 des Sciences et Techniques d&#8217;Errachidia et la Facult\u00e9 des Sciences affili\u00e9e \u00e0 l&#8217;Universit\u00e9 Moulay Ismail de Mekn\u00e8s. , la Facult\u00e9 des Sciences Semlalia de Marrakech, et un certain nombre d&#8217;associations \u0153uvrant dans cette r\u00e9serve, comme l&#8217;AESVT et le GREPOM et la F\u00e9d\u00e9ration Marocaine de P\u00eache Ecologique. Cette ann\u00e9e, la Journ\u00e9e internationale de la montagne a \u00e9t\u00e9 c\u00e9l\u00e9br\u00e9e sous le slogan \u00ab Restaurer les \u00e9cosyst\u00e8mes de montagne \u00bb.<\/p>\n\n\n\n<p class=\"has-small-font-size\">Cette r\u00e9union vise \u00e0 faire la lumi\u00e8re sur le potentiel naturel et les \u00e9cosyst\u00e8mes de la R\u00e9serve de biosph\u00e8re des c\u00e8dres de l&#8217;Atlas, qui comprend les montagnes du Moyen Atlas et les montagnes orientales du Haut Atlas, en plus de pr\u00e9senter la version officielle de l&#8217;observatoire des zones humides de la R\u00e9serve de biosph\u00e8re des c\u00e8dres de l&#8217;Atlas. , qui a \u00e9t\u00e9 lanc\u00e9e par l&#8217;Association marocaine pour l&#8217;\u00e9cotourisme et la protection de la nature dans la ville de Kh\u00e9nifra, le 13 janvier 2023 dans le cadre du projet AMEPN-CEPF.<\/p>\n\n\n\n<p class=\"has-small-font-size\">\u00a0Le colloque scientifique a \u00e9t\u00e9 ouvert par les discours de bienvenue prononc\u00e9s par Mme Hasna Al-Alawi Al-Ismaili, repr\u00e9sentant les services centraux de l&#8217;Agence nationale des eaux et for\u00eats, et Mme Oulaia BENLEMLIH de l&#8217;Association AMEPN.<\/p>\n\n\n\n<p class=\"has-small-font-size\">Le th\u00e8me de la premi\u00e8re pr\u00e9sentation pr\u00e9sent\u00e9e par M. Brahim Abou El Abbes, pr\u00e9sident de l&#8217;Association marocaine pour l&#8217;\u00e9cotourisme et la protection de la nature, a port\u00e9 sur les origines et l&#8217;histoire de la Journ\u00e9e internationale de la montagne, d\u00e9clar\u00e9e par les Nations Unies en 2003 et c\u00e9l\u00e9br\u00e9e le 11 d\u00e9cembre de chaque ann\u00e9e. Il a pr\u00e9sent\u00e9 les justifications naturelles et \u00e9cologiques les plus importantes selon les th\u00e8mes th\u00e9matiques attribu\u00e9s \u00e0 la c\u00e9l\u00e9bration de cette journ\u00e9e, qui concernent la diversit\u00e9 des r\u00f4les de la montagne dans le maintien de l&#8217;\u00e9quilibre environnemental mondial, et a expliqu\u00e9 l&#8217;initiative de c\u00e9l\u00e9bration mondiale comme une n\u00e9cessit\u00e9 d&#8217;efforts concert\u00e9s pour pr\u00e9server les syst\u00e8mes naturels de la montagne.<\/p>\n\n\n\n<p class=\"has-small-font-size\">\u00a0M. Hassan Belahacen, Directeur du Parc National de Kh\u00e9nifra, a pr\u00e9sent\u00e9 les potentialit\u00e9s naturelles du parc tout en soulignant les efforts d\u00e9ploy\u00e9s par l&#8217;Agence Nationale des Eaux et For\u00eats pour g\u00e9rer cet espace naturel de mani\u00e8re durable en renfor\u00e7ant le partenariat avec les acteurs associatifs, les autorit\u00e9s locales. et la coop\u00e9ration internationale.<\/p>\n\n\n\n<p class=\"has-small-font-size\">\u00a0 M. Abdelaziz El Mouadene, Directeur du Parc National du Haut Atlas Oriental, a pr\u00e9sent\u00e9 le potentiel naturel du parc et les caract\u00e9ristiques climatiques et g\u00e9ologiques de ses espaces. Il a \u00e9galement pr\u00e9sent\u00e9 les travaux entrepris par son administration (ANEF) pour valoriser les ressources naturelles et impliquer la soci\u00e9t\u00e9 civile locale pour les g\u00e9rer de mani\u00e8re rationnelle et durable.<\/p>\n\n\n\n<p class=\"has-small-font-size\">\u00a0M. Rachid Ghafouri, au nom du Centre National d&#8217;hydrobiologie et de pisciculture d&#8217;Azrou, a pr\u00e9sent\u00e9 le r\u00f4le du Centre dans la recr\u00e9ation et le maintien de la biodiversit\u00e9 des poissons \u00e0 travers des mesures au niveau des principaux lacs et rivi\u00e8res situ\u00e9s dans la r\u00e9gion. les zones appartenant \u00e0 la R\u00e9serve de biosph\u00e8re des C\u00e8dres de l&#8217;Atlas, ainsi qu&#8217;au niveau national.<\/p>\n\n\n\n<p class=\"has-small-font-size\">Le professeur Lahcen Chillasse, coordinateur g\u00e9n\u00e9ral du r\u00e9seau, a pr\u00e9sent\u00e9 la vision et le programme de travail \u00e0 moyen terme du r\u00e9seau des associations de r\u00e9serves de biosph\u00e8re des c\u00e8dres de l&#8217;Atlas pour promouvoir cette importante r\u00e9serve aux niveaux national et mondial. Il a rappel\u00e9 les \u00e9tapes de sa cr\u00e9ation et les activit\u00e9s dont il a \u00e9t\u00e9 t\u00e9moin depuis. Il a \u00e9galement mis l&#8217;accent sur les d\u00e9fis qui attendent ses fondateurs afin d&#8217;int\u00e9grer la r\u00e9serve dans le d\u00e9veloppement durable des zones o\u00f9 elle est implant\u00e9e, tout en s&#8217;appuyant sur les r\u00e9sultats des travaux des r\u00e9serves de biosph\u00e8re pr\u00e9sentes dans notre pays depuis 1998.<\/p>\n\n\n\n<p class=\"has-small-font-size\">L&#8217;une des actions du R\u00e9seau des Associations de la R\u00e9serve de Biosph\u00e8re des C\u00e8dres de l&#8217;Atlas est le d\u00e9veloppement d&#8217;un observatoire des zones humides pour la R\u00e9serve de Biosph\u00e8re des C\u00e8dres de l&#8217;Atlas. C&#8217;est le sujet de la pr\u00e9sentation faite par M. Brahim ABOUELABBES, expliquant que l&#8217;objectif principal de ce colloque est de pr\u00e9senter la plateforme de cet observatoire et de la partager avec les parties concern\u00e9es, notamment les professeurs et les chercheurs scientifiques. Gestionnaires de parcs naturels nationaux et acteurs de la soci\u00e9t\u00e9 civile. Il a pr\u00e9sent\u00e9 le mode de fonctionnement de la plateforme d&#8217;observation et les indicateurs \u00e0 suivre pour contr\u00f4ler la performance environnementale des zones humides afin d&#8217;\u00e9valuer l&#8217;\u00e9tat environnemental actuel et futur dans le but de fournir des recommandations pour faire face \u00e0 la pression humaine et aux effets du changement climatique qui que connaissent les zones humides, d\u2019autant plus que le Maroc conna\u00eet la cinqui\u00e8me ann\u00e9e cons\u00e9cutive de grave s\u00e9cheresse. Cet observatoire se distingue par la mise en place de trois instances principales : le comit\u00e9 scientifique de pistage, la cellule de gestion et le corps des observateurs de terrain.<\/p>\n\n\n\n<p class=\"has-small-font-size\">Ensuite, le pr\u00e9sident de l&#8217;Universit\u00e9 marocaine de p\u00eache \u00e9cologique, M. Adel Samouni, a pr\u00e9sent\u00e9 le r\u00f4le de l&#8217;universit\u00e9 dans la gestion conjointe des zones humides \u00e0 travers la p\u00eache \u00e9cologique, le suivi et la surveillance assur\u00e9s par des gardes-p\u00eacheurs b\u00e9n\u00e9voles et les activit\u00e9s de sensibilisation de ce secteur pour contribuer \u00e0 la pr\u00e9servation des esp\u00e8ces de poissons menac\u00e9es et de leurs \u00e9cosyst\u00e8mes.<\/p>\n\n\n\n<p class=\"has-small-font-size\">&nbsp; Apr\u00e8s cela, il a fait place \u00e0 la recherche scientifique. Le professeur Mohamed Al-Ghamizi, professeur au Mus\u00e9um d&#8217;histoire naturelle de l&#8217;Universit\u00e9 Cadi Ayyad de Marrakech, a fait une pr\u00e9sentation compl\u00e8te et plus technique dans le domaine de la recherche scientifique sur les projets men\u00e9s par son unit\u00e9 scientifique dans les r\u00e9gions du Moyen et Haut Atlas. Des projets qui mettent en \u00e9vidence la fragilit\u00e9 des \u00e9cosyst\u00e8mes de montagne et la n\u00e9cessit\u00e9 de renforcer les \u00e9tudes scientifiques pour am\u00e9liorer la connaissance de toute la biodiversit\u00e9 pr\u00e9sente dans ces zones, sur la base de nombreuses nouvelles d\u00e9couvertes scientifiques d\u00e9j\u00e0 annonc\u00e9es.<\/p>\n\n\n\n<p class=\"has-small-font-size\">De son c\u00f4t\u00e9, M. Al-Hassan Abba, professeur \u00e0 l&#8217;Ecole Sup\u00e9rieure de Technologie de Kh\u00e9nifra (Universit\u00e9 Sultan Moulay Slimane de Beni Mellal), a mis en avant les travaux de recherche et les projets men\u00e9s par l&#8217;institution, qui ont un impact tr\u00e8s positif au niveau niveaux national et m\u00eame international. Il s&#8217;est \u00e9galement concentr\u00e9 sur des sujets scientifiques int\u00e9ressant la R\u00e9serve de biosph\u00e8re des C\u00e8dres de l&#8217;Atlas, sur lesquels travaille l&#8217;Ecole Sup\u00e9rieure de Technologie de Kh\u00e9nifra.<\/p>\n\n\n\n<p class=\"has-small-font-size\">Le professeur Alam Shakib, du Coll\u00e8ge des Sciences et Technologies d&#8217;Errachidia, a donn\u00e9 un aper\u00e7u des axes de recherche et des projets scientifiques auxquels son coll\u00e8ge participe dans le cadre de ses th\u00e8ses de doctorat et de ma\u00eetrise, et a exprim\u00e9 sa pr\u00e9sence et celle de ses coll\u00e8gues du Coll\u00e8ge de La volont\u00e9 de la science de contribuer sur le terrain et l&#8217;encadrement scientifique des zones situ\u00e9es dans la r\u00e9serve et sous l&#8217;influence de son universit\u00e9.<\/p>\n\n\n\n<p class=\"has-small-font-size\">&nbsp; La deuxi\u00e8me journ\u00e9e du colloque a \u00e9t\u00e9 consacr\u00e9e \u00e0 l&#8217;\u00e9tude des indicateurs de suivi de la biodiversit\u00e9 et des zones humides port\u00e9s par l&#8217;observatoire comp\u00e9tent, dont l&#8217;id\u00e9e d&#8217;\u00e9tablir a \u00e9t\u00e9 lanc\u00e9e \u00e0 Kh\u00e9nifra, le 13 janvier 2023, lors de l&#8217;atelier de pr\u00e9sentation de l&#8217;observatoire comp\u00e9tent. . Le projet AMEPN-CEPF intitul\u00e9 \u00ab Contribuer \u00e0 la conservation de la biodiversit\u00e9 d\u2019eau douce et am\u00e9liorer sa gestion et sa conservation au niveau du Parc National de Kh\u00e9nifra et au niveau de la R\u00e9serve de Biosph\u00e8re des Riz de l\u2019Atlas \u00bb.<\/p>\n\n\n\n<p class=\"has-small-font-size\">&nbsp; A l\u2019issue de ce colloque, les participants ont formul\u00e9 les recommandations suivantes :<\/p>\n\n\n\n<p class=\"has-small-font-size\">se basant sur la strat\u00e9gie \u00ab Maroc For\u00eat 2020-2030 \u00bb.<\/p>\n\n\n\n<p class=\"has-small-font-size\">Et sur la politique du Royaume dans les efforts internationaux visant \u00e0 r\u00e9duire les effets du changement climatique<\/p>\n\n\n\n<p class=\"has-small-font-size\">Les participants au Symposium de la Montagne organis\u00e9 \u00e0 Ifrane les 20 et 21 d\u00e9cembre 2023 recommandent ce qui suit :<\/p>\n\n\n\n<p class=\"has-small-font-size\">&nbsp; 1. Institutionnalisation du projet d&#8217;observatoire des zones humides de la r\u00e9serve de biosph\u00e8re des c\u00e8dres de l&#8217;Atlas en tant qu&#8217;outil de terrain et pratique pour surveiller, contr\u00f4ler et aider \u00e0 la gestion des zones humides et des zones naturelles de la r\u00e9serve&nbsp;;<\/p>\n\n\n\n<p class=\"has-small-font-size\">&nbsp; 2. Renforcer le r\u00f4le du r\u00e9seau des associations de la R\u00e9serve de biosph\u00e8re des C\u00e8dres de l&#8217;Atlas afin de collaborer avec la population locale dans la conservation de l&#8217;environnement et le d\u00e9veloppement local durable.<\/p>\n\n\n\n<p class=\"has-small-font-size\">&nbsp; 3. Renforcer la recherche scientifique en incluant des \u00e9tudes sectorielles pour inventorier, surveiller et suivre la diversit\u00e9 biologique des zones humides tout en int\u00e9grant les sources des vall\u00e9es entre les zones humides en raison de leur importance dans le maintien de l&#8217;installation des esp\u00e8ces, de l&#8217;\u00e9quilibre environnemental et des sources d&#8217;eau potable.<\/p>\n\n\n\n<p class=\"has-small-font-size\">&nbsp; 4. Allouer les budgets n\u00e9cessaires pour valoriser la recherche scientifique afin de compl\u00e9ter l&#8217;inventaire \u00e9cologique et d&#8217;am\u00e9liorer les connaissances sur la biodiversit\u00e9 dans toutes les zones de la R\u00e9serve de biosph\u00e8re des C\u00e8dres de l&#8217;Atlas.<\/p>\n\n\n\n<p class=\"has-small-font-size\">&nbsp; 5. Saisir l&#8217;opportunit\u00e9 de classer le C\u00e8dre de l&#8217;Atlas comme r\u00e9serve de biosph\u00e8re internationalement reconnue afin d&#8217;en faire un mod\u00e8le de d\u00e9veloppement durable et une r\u00e9elle contribution \u00e0 l&#8217;att\u00e9nuation des effets du changement climatique ;<\/p>\n\n\n\n<p class=\"has-small-font-size\">&nbsp; 6. Valorisation des zones humides \u00e0 travers des activit\u00e9s \u00e9conomiques et sociales \u00e9cologiquement vitales telles que l&#8217;\u00e9co-chasse et l&#8217;\u00e9co-tourisme.<\/p>\n\n\n\n<p class=\"has-small-font-size\">&nbsp; 7. Travail participatif pour pr\u00e9server la r\u00e9serve de biosph\u00e8re des c\u00e8dres de l&#8217;Atlas en tant que patrimoine mondial menac\u00e9 et inclure des plans d&#8217;action suppl\u00e9mentaires pour pr\u00e9server les esp\u00e8ces menac\u00e9es comme d&#8217;autres programmes pour les vert\u00e9br\u00e9s.<\/p>\n\n\n\n<p class=\"has-very-dark-gray-color has-vivid-green-cyan-background-color has-text-color has-background has-medium-font-size\"><strong>C\u00e9l\u00e9bration de la journ\u00e9e mondiale de la for\u00eat <\/strong><\/p>\n\n\n\n<p class=\"has-very-dark-gray-color has-text-color\">Le r\u00e9seau associatif de la RBCA a \u00e9t\u00e9 pr\u00e9sent\u00e9 au Directeur G\u00e9n\u00e9ral de l&#8217;ANEF et aux autorit\u00e9s locales et r\u00e9gionales lors de la c\u00e9l\u00e9bration de la journ\u00e9e mondiale de la for\u00eat. Une occasion pour mettre en valeur le projet de l&#8217;Observatoire des Zones Humides de la RBCA. <\/p>\n\n\n\n<figure class=\"wp-block-image size-large\"><img loading=\"lazy\" decoding=\"async\" width=\"1024\" height=\"473\" src=\"https:\/\/amepn.ma\/rbca\/site\/wp-content\/uploads\/2023\/12\/337522420_1660803934370662_556786034149423742_n-1024x473.jpg\" alt=\"\" class=\"wp-image-227\" srcset=\"https:\/\/amepn.ma\/rbca\/observatoire\/wp-content\/uploads\/2023\/12\/337522420_1660803934370662_556786034149423742_n-1024x473.jpg 1024w, https:\/\/amepn.ma\/rbca\/observatoire\/wp-content\/uploads\/2023\/12\/337522420_1660803934370662_556786034149423742_n-300x138.jpg 300w, https:\/\/amepn.ma\/rbca\/observatoire\/wp-content\/uploads\/2023\/12\/337522420_1660803934370662_556786034149423742_n-768x354.jpg 768w, https:\/\/amepn.ma\/rbca\/observatoire\/wp-content\/uploads\/2023\/12\/337522420_1660803934370662_556786034149423742_n.jpg 1079w\" sizes=\"(max-width: 1024px) 100vw, 1024px\" \/><\/figure>\n\n\n\n<p>&#8212;&#8212;&#8212;&#8212;&#8212;&#8212;&#8212;&#8212;&#8212;&#8212;&#8212;&#8212;&#8212;&#8212;&#8212;&#8212;&#8212;&#8212;&#8212;&#8212;&#8212;&#8212;&#8212;&#8212;&#8212;&#8212;&#8212;&#8212;&#8212;&#8212;&#8212;&#8212;&#8212;&#8212;&#8212;&#8212;&#8212;&#8212;<\/p>\n\n\n\n<p class=\"has-very-light-gray-color has-text-color has-background has-medium-font-size\" style=\"background-color:#043d5f\"><strong>Le R\u00e9seau Associatif de la RBCA au Salon de l&#8217;eau \u00e0 Kh\u00e9nifra<\/strong><\/p>\n\n\n\n<p class=\"has-very-dark-gray-color has-text-color\">Participation active de l&#8217;AMEPN ces 13 et 14 mars 2023 au Salon r\u00e9gional de l&#8217;eau organis\u00e9 par l&#8217;Agence du Bassin Hydraulique de l&#8217;Oum Er-Rabia sous l&#8217;\u00e9gide du Minist\u00e8re de l&#8217;Equipement et de l&#8217;Eau. L&#8217;AMEPN a repr\u00e9sent\u00e9 le r\u00e9seau associatif de la RBCA et participe avec un stand ax\u00e9 principalement sur la pr\u00e9sentation de l&#8217;Observatoire des Zones Humides de la R\u00e9serve de Biosph\u00e8re du C\u00e8dre de l&#8217;Atlas\u060c sur les programmes \u00e9ducatifs men\u00e9s en parall\u00e8le ainsi que le r\u00e9seautage de l&#8217;action associative pour la contribution au d\u00e9veloppement durable de cette R\u00e9serve.  <\/p>\n\n\n\n<figure class=\"wp-block-image size-large\"><img loading=\"lazy\" decoding=\"async\" width=\"960\" height=\"540\" src=\"https:\/\/amepn.ma\/rbca\/site\/wp-content\/uploads\/2023\/12\/336000185_762311098464521_1816269933321659264_n.jpg\" alt=\"\" class=\"wp-image-224\" srcset=\"https:\/\/amepn.ma\/rbca\/observatoire\/wp-content\/uploads\/2023\/12\/336000185_762311098464521_1816269933321659264_n.jpg 960w, https:\/\/amepn.ma\/rbca\/observatoire\/wp-content\/uploads\/2023\/12\/336000185_762311098464521_1816269933321659264_n-300x169.jpg 300w, https:\/\/amepn.ma\/rbca\/observatoire\/wp-content\/uploads\/2023\/12\/336000185_762311098464521_1816269933321659264_n-768x432.jpg 768w\" sizes=\"(max-width: 960px) 100vw, 960px\" \/><\/figure>\n\n\n\n<figure class=\"wp-block-gallery has-nested-images columns-default is-cropped wp-block-gallery-2 is-layout-flex wp-block-gallery-is-layout-flex\">\n<figure class=\"wp-block-image size-large\"><img loading=\"lazy\" decoding=\"async\" width=\"1024\" height=\"461\" data-id=\"223\" src=\"https:\/\/amepn.ma\/rbca\/site\/wp-content\/uploads\/2023\/12\/335530434_739422590899975_4313776708729796748_n-1024x461.jpg\" alt=\"\" class=\"wp-image-223\" srcset=\"https:\/\/amepn.ma\/rbca\/observatoire\/wp-content\/uploads\/2023\/12\/335530434_739422590899975_4313776708729796748_n-1024x461.jpg 1024w, https:\/\/amepn.ma\/rbca\/observatoire\/wp-content\/uploads\/2023\/12\/335530434_739422590899975_4313776708729796748_n-300x135.jpg 300w, https:\/\/amepn.ma\/rbca\/observatoire\/wp-content\/uploads\/2023\/12\/335530434_739422590899975_4313776708729796748_n-768x346.jpg 768w, https:\/\/amepn.ma\/rbca\/observatoire\/wp-content\/uploads\/2023\/12\/335530434_739422590899975_4313776708729796748_n-1536x691.jpg 1536w, https:\/\/amepn.ma\/rbca\/observatoire\/wp-content\/uploads\/2023\/12\/335530434_739422590899975_4313776708729796748_n-2048x922.jpg 2048w\" sizes=\"(max-width: 1024px) 100vw, 1024px\" \/><\/figure>\n\n\n\n<figure class=\"wp-block-image size-large\"><img loading=\"lazy\" decoding=\"async\" width=\"960\" height=\"540\" data-id=\"224\" src=\"https:\/\/amepn.ma\/rbca\/site\/wp-content\/uploads\/2023\/12\/336000185_762311098464521_1816269933321659264_n.jpg\" alt=\"\" class=\"wp-image-224\" srcset=\"https:\/\/amepn.ma\/rbca\/observatoire\/wp-content\/uploads\/2023\/12\/336000185_762311098464521_1816269933321659264_n.jpg 960w, https:\/\/amepn.ma\/rbca\/observatoire\/wp-content\/uploads\/2023\/12\/336000185_762311098464521_1816269933321659264_n-300x169.jpg 300w, https:\/\/amepn.ma\/rbca\/observatoire\/wp-content\/uploads\/2023\/12\/336000185_762311098464521_1816269933321659264_n-768x432.jpg 768w\" sizes=\"(max-width: 960px) 100vw, 960px\" \/><\/figure>\n\n\n\n<figure class=\"wp-block-image size-large\"><img loading=\"lazy\" decoding=\"async\" width=\"960\" height=\"540\" data-id=\"225\" src=\"https:\/\/amepn.ma\/rbca\/site\/wp-content\/uploads\/2023\/12\/336224439_1147201150008302_2456608757729675889_n.jpg\" alt=\"\" class=\"wp-image-225\" srcset=\"https:\/\/amepn.ma\/rbca\/observatoire\/wp-content\/uploads\/2023\/12\/336224439_1147201150008302_2456608757729675889_n.jpg 960w, https:\/\/amepn.ma\/rbca\/observatoire\/wp-content\/uploads\/2023\/12\/336224439_1147201150008302_2456608757729675889_n-300x169.jpg 300w, https:\/\/amepn.ma\/rbca\/observatoire\/wp-content\/uploads\/2023\/12\/336224439_1147201150008302_2456608757729675889_n-768x432.jpg 768w\" sizes=\"(max-width: 960px) 100vw, 960px\" \/><\/figure>\n<\/figure>\n","protected":false},"excerpt":{"rendered":"<p>S\u00e9minaire sur le th\u00e8me : &#8220;Quelle place de la Montagne dans la pr\u00e9servation des grands cycles de l&#8217;eau face aux changements climatiques ? Cas de l&#8217;Observatoire des Zones Humides de la R\u00e9serve de Biosph\u00e8re du C\u00e8dre de l&#8217;Atlas&#8221; Ifrane les 20 et 21\/12\/2023 A l&#8217;occasion de la Journ\u00e9e Internationale de la Montagne, l&#8217;Association Marocaine d&#8217;Ecotourisme et de Conservation de la [&hellip;]<\/p>\n","protected":false},"author":1,"featured_media":0,"parent":0,"menu_order":0,"comment_status":"closed","ping_status":"closed","template":"","meta":{"footnotes":""},"_links":{"self":[{"href":"https:\/\/amepn.ma\/rbca\/observatoire\/index.php?rest_route=\/wp\/v2\/pages\/154"}],"collection":[{"href":"https:\/\/amepn.ma\/rbca\/observatoire\/index.php?rest_route=\/wp\/v2\/pages"}],"about":[{"href":"https:\/\/amepn.ma\/rbca\/observatoire\/index.php?rest_route=\/wp\/v2\/types\/page"}],"author":[{"embeddable":true,"href":"https:\/\/amepn.ma\/rbca\/observatoire\/index.php?rest_route=\/wp\/v2\/users\/1"}],"replies":[{"embeddable":true,"href":"https:\/\/amepn.ma\/rbca\/observatoire\/index.php?rest_route=%2Fwp%2Fv2%2Fcomments&post=154"}],"version-history":[{"count":6,"href":"https:\/\/amepn.ma\/rbca\/observatoire\/index.php?rest_route=\/wp\/v2\/pages\/154\/revisions"}],"predecessor-version":[{"id":304,"href":"https:\/\/amepn.ma\/rbca\/observatoire\/index.php?rest_route=\/wp\/v2\/pages\/154\/revisions\/304"}],"wp:attachment":[{"href":"https:\/\/amepn.ma\/rbca\/observatoire\/index.php?rest_route=%2Fwp%2Fv2%2Fmedia&parent=154"}],"curies":[{"name":"wp","href":"https:\/\/api.w.org\/{rel}","templated":true}]}}