{"id":251,"date":"2023-12-19T21:21:44","date_gmt":"2023-12-19T20:21:44","guid":{"rendered":"https:\/\/amepn.ma\/rbca\/site\/?page_id=251"},"modified":"2024-01-07T21:18:50","modified_gmt":"2024-01-07T20:18:50","slug":"observateurs-agrees","status":"publish","type":"page","link":"https:\/\/amepn.ma\/rbca\/observatoire\/?page_id=251","title":{"rendered":"Observateurs agr\u00e9es"},"content":{"rendered":"\n<p class=\"has-text-color\" style=\"color:#060f90\">Les observateurs agr\u00e9es sont des personnes physiques engag\u00e9es pour la cause principale de l&#8217;Observatoire des Zones Humides de la R\u00e9serve de Biosph\u00e8re du C\u00e8dre de l&#8217;Atlas. Ils peuvent \u00eatre (1) des agents de l&#8217;Etat, (2) des B\u00e9n\u00e9voles, (3) des personnes contractuelles, (4) des \u00e9tudiants. ils doivent \u00eatre propos\u00e9s par des associations membres, des administrations partenaires, des Instituts de Recherche et des Universit\u00e9s. <\/p>\n\n\n\n<p class=\"has-text-color\" style=\"color:#00070a\"><strong><em>La d\u00e9cision d&#8217;agr\u00e9ment est propos\u00e9e par le r\u00e9seau associatif de la RBCA et valid\u00e9 par le Conseil Scientifique.<\/em><\/strong><\/p>\n\n\n\n<p class=\"has-text-align-center has-light-green-cyan-background-color has-text-color has-background\" style=\"color:#01090c\"><strong>LISTE DES OBSERVATEURS AGREES<\/strong><\/p>\n\n\n\n<div class=\"wp-block-media-text is-stacked-on-mobile\" style=\"grid-template-columns:17% auto\"><figure class=\"wp-block-media-text__media\"><img loading=\"lazy\" decoding=\"async\" width=\"276\" height=\"426\" src=\"https:\/\/amepn.ma\/rbca\/site\/wp-content\/uploads\/2023\/12\/aziz.jpg\" alt=\"\" class=\"wp-image-275 size-full\" srcset=\"https:\/\/amepn.ma\/rbca\/observatoire\/wp-content\/uploads\/2023\/12\/aziz.jpg 276w, https:\/\/amepn.ma\/rbca\/observatoire\/wp-content\/uploads\/2023\/12\/aziz-194x300.jpg 194w\" sizes=\"(max-width: 276px) 100vw, 276px\" \/><\/figure><div class=\"wp-block-media-text__content\">\n<p class=\"has-small-font-size\"><strong>Nom : <\/strong>ELMOUADENE<\/p>\n\n\n\n<p class=\"has-small-font-size\"><strong>Pr\u00e9nom : <\/strong>Abdelaziz<\/p>\n\n\n\n<p class=\"has-small-font-size\"><strong>Fonctions :<\/strong> Directeur du Parc National du Haut Atlas Oriental<\/p>\n\n\n\n<p class=\"has-small-font-size\"><strong>Qualifications : Ing\u00e9nieur des Eaux et For\u00eats (Ecologie et Gestion des Ressources Naturelles.)<\/strong><\/p>\n<\/div><\/div>\n\n\n\n<p class=\"has-pale-cyan-blue-background-color has-background has-small-font-size\"><\/p>\n\n\n\n<div class=\"wp-block-media-text is-stacked-on-mobile\" style=\"grid-template-columns:18% auto\"><figure class=\"wp-block-media-text__media\"><img loading=\"lazy\" decoding=\"async\" width=\"222\" height=\"301\" src=\"https:\/\/amepn.ma\/rbca\/site\/wp-content\/uploads\/2023\/12\/belahcen.jpg\" alt=\"\" class=\"wp-image-338 size-full\"\/><\/figure><div class=\"wp-block-media-text__content\">\n<p class=\"has-small-font-size\"><strong>Nom <\/strong>: BELAHCEN <\/p>\n\n\n\n<p class=\"has-small-font-size\"><strong>Pr\u00e9nom <\/strong>: Hassan<\/p>\n\n\n\n<p class=\"has-small-font-size\"><strong>Fonction : <\/strong>Directeur du Parc National de Kh\u00e9nifra<\/p>\n\n\n\n<p class=\"has-small-font-size\"><strong>Qualification :<\/strong> Ing\u00e9nieur des Eaux et For\u00eats (Ecologie et Gestion des Ressources Naturelles)<\/p>\n<\/div><\/div>\n\n\n\n<p class=\"has-pale-cyan-blue-background-color has-background has-small-font-size\"><\/p>\n\n\n\n<div class=\"wp-block-media-text is-stacked-on-mobile\" style=\"grid-template-columns:16% auto\"><figure class=\"wp-block-media-text__media\"><img loading=\"lazy\" decoding=\"async\" width=\"311\" height=\"613\" src=\"https:\/\/amepn.ma\/rbca\/site\/wp-content\/uploads\/2023\/12\/karmouch.jpg\" alt=\"\" class=\"wp-image-279 size-full\" srcset=\"https:\/\/amepn.ma\/rbca\/observatoire\/wp-content\/uploads\/2023\/12\/karmouch.jpg 311w, https:\/\/amepn.ma\/rbca\/observatoire\/wp-content\/uploads\/2023\/12\/karmouch-152x300.jpg 152w\" sizes=\"(max-width: 311px) 100vw, 311px\" \/><\/figure><div class=\"wp-block-media-text__content\">\n<p class=\"has-small-font-size\"><strong>Nom :<\/strong> KARMOUCH<\/p>\n\n\n\n<p class=\"has-small-font-size\"><strong>Pr\u00e9nom : <\/strong>Mustapha<\/p>\n\n\n\n<p class=\"has-small-font-size\"><strong>Fonction :<\/strong> Technicien Forestier des Eaux et For\u00eat au Parc National de Kh\u00e9nifra <\/p>\n\n\n\n<p class=\"has-small-font-size\"><strong>Qualifications :<\/strong> Responsable des programmes \u00e9ducatifs, Biodiversit\u00e9, for\u00eat de c\u00e8dre, lacs et zones humides <\/p>\n<\/div><\/div>\n\n\n\n<p class=\"has-pale-cyan-blue-background-color has-background has-small-font-size\"><\/p>\n\n\n\n<div class=\"wp-block-media-text is-stacked-on-mobile\" style=\"grid-template-columns:17% auto\"><figure class=\"wp-block-media-text__media\"><img loading=\"lazy\" decoding=\"async\" width=\"768\" height=\"1024\" src=\"https:\/\/amepn.ma\/rbca\/site\/wp-content\/uploads\/2023\/12\/FB_IMG_1703696164677-768x1024.jpg\" alt=\"\" class=\"wp-image-381 size-full\" srcset=\"https:\/\/amepn.ma\/rbca\/observatoire\/wp-content\/uploads\/2023\/12\/FB_IMG_1703696164677-768x1024.jpg 768w, https:\/\/amepn.ma\/rbca\/observatoire\/wp-content\/uploads\/2023\/12\/FB_IMG_1703696164677-225x300.jpg 225w, https:\/\/amepn.ma\/rbca\/observatoire\/wp-content\/uploads\/2023\/12\/FB_IMG_1703696164677.jpg 1080w\" sizes=\"(max-width: 768px) 100vw, 768px\" \/><\/figure><div class=\"wp-block-media-text__content\">\n<p class=\"has-small-font-size\"><strong>Nom :<\/strong> ABERRAHAL<\/p>\n\n\n\n<p class=\"has-small-font-size\"><strong>Pr\u00e9nom<\/strong> : Hamid<\/p>\n\n\n\n<p class=\"has-small-font-size\"><strong>Fonction: <\/strong>Technicien des Eaux et For\u00eats au Parc National de Kh\u00e9nifra<\/p>\n\n\n\n<p class=\"has-small-font-size\"><strong>Qualification:<\/strong> Am\u00e9nagement des for\u00eats, \u00e9cotourisme, zones humides, valorisation de la biodiversit\u00e9<\/p>\n<\/div><\/div>\n\n\n\n<p class=\"has-text-align-center has-white-color has-black-background-color has-text-color has-background has-link-color has-small-font-size wp-elements-7e55e5c8f4e901134117ab8303937041\"><strong>GARDES-PECHE BENEVOLES ASSERMENTES RELEVANT DE LA FEDERATION MAROCAINE DE PECHE ECOLOGIQUE <\/strong><\/p>\n\n\n\n<div class=\"wp-block-media-text is-stacked-on-mobile\" style=\"grid-template-columns:17% auto\"><figure class=\"wp-block-media-text__media\"><img loading=\"lazy\" decoding=\"async\" width=\"304\" height=\"385\" src=\"https:\/\/amepn.ma\/rbca\/site\/wp-content\/uploads\/2023\/12\/peche-7.jpg\" alt=\"\" class=\"wp-image-387 size-full\" srcset=\"https:\/\/amepn.ma\/rbca\/observatoire\/wp-content\/uploads\/2023\/12\/peche-7.jpg 304w, https:\/\/amepn.ma\/rbca\/observatoire\/wp-content\/uploads\/2023\/12\/peche-7-237x300.jpg 237w\" sizes=\"(max-width: 304px) 100vw, 304px\" \/><\/figure><div class=\"wp-block-media-text__content\">\n<p class=\"has-small-font-size\"><strong>Nom :<\/strong> BOUAMAR<\/p>\n\n\n\n<p class=\"has-small-font-size\"><strong>Pr\u00e9nom : <\/strong>Mustapha<\/p>\n\n\n\n<p class=\"has-small-font-size\"><strong>Qualifications:<\/strong> Garde-P\u00eache B\u00e9n\u00e9vole asserment\u00e9<\/p>\n\n\n\n<p class=\"has-small-font-size\"><strong>Zone d&#8217;activit\u00e9s :<\/strong> Province de Kh\u00e9nifra<\/p>\n<\/div><\/div>\n\n\n\n<p class=\"has-cyan-bluish-gray-background-color has-background has-small-font-size\"><\/p>\n\n\n\n<div class=\"wp-block-media-text is-stacked-on-mobile\" style=\"grid-template-columns:17% auto\"><figure class=\"wp-block-media-text__media\"><img loading=\"lazy\" decoding=\"async\" width=\"960\" height=\"958\" src=\"https:\/\/amepn.ma\/rbca\/site\/wp-content\/uploads\/2023\/12\/IMG-20231226-WA0006.jpg\" alt=\"\" class=\"wp-image-369 size-full\" srcset=\"https:\/\/amepn.ma\/rbca\/observatoire\/wp-content\/uploads\/2023\/12\/IMG-20231226-WA0006.jpg 960w, https:\/\/amepn.ma\/rbca\/observatoire\/wp-content\/uploads\/2023\/12\/IMG-20231226-WA0006-300x300.jpg 300w, https:\/\/amepn.ma\/rbca\/observatoire\/wp-content\/uploads\/2023\/12\/IMG-20231226-WA0006-150x150.jpg 150w, https:\/\/amepn.ma\/rbca\/observatoire\/wp-content\/uploads\/2023\/12\/IMG-20231226-WA0006-768x766.jpg 768w\" sizes=\"(max-width: 960px) 100vw, 960px\" \/><\/figure><div class=\"wp-block-media-text__content\">\n<p class=\"has-small-font-size\"><strong>Nom : <\/strong>MARNISSI <\/p>\n\n\n\n<p class=\"has-small-font-size\"><strong>Pr\u00e9nom:<\/strong> Mohamed<\/p>\n\n\n\n<p class=\"has-small-font-size\"><strong>Qualification : <\/strong>Garde-P\u00eache B\u00e9n\u00e9vole asserment\u00e9 <\/p>\n\n\n\n<p class=\"has-small-font-size\"><strong>Zones d&#8217;activit\u00e9s :<\/strong> Province d&#8217;Ifrane<\/p>\n<\/div><\/div>\n\n\n\n<p class=\"has-cyan-bluish-gray-background-color has-background has-small-font-size\"><\/p>\n\n\n\n<div class=\"wp-block-media-text is-stacked-on-mobile\" style=\"grid-template-columns:17% auto\"><figure class=\"wp-block-media-text__media\"><img loading=\"lazy\" decoding=\"async\" width=\"332\" height=\"357\" src=\"https:\/\/amepn.ma\/rbca\/site\/wp-content\/uploads\/2023\/12\/peche.jpg\" alt=\"\" class=\"wp-image-382 size-full\" srcset=\"https:\/\/amepn.ma\/rbca\/observatoire\/wp-content\/uploads\/2023\/12\/peche.jpg 332w, https:\/\/amepn.ma\/rbca\/observatoire\/wp-content\/uploads\/2023\/12\/peche-279x300.jpg 279w\" sizes=\"(max-width: 332px) 100vw, 332px\" \/><\/figure><div class=\"wp-block-media-text__content\">\n<p class=\"has-small-font-size\"><strong>Nom :<\/strong> Bouziane<\/p>\n\n\n\n<p class=\"has-small-font-size\"><strong>Pr\u00e9nom : <\/strong>Mohammed<\/p>\n\n\n\n<p class=\"has-small-font-size\"><strong>Qualification : <\/strong>Garde-P\u00eache B\u00e9n\u00e9vole asserment\u00e9<\/p>\n\n\n\n<p class=\"has-small-font-size\"><strong>Zone d&#8217;activit\u00e9s : <\/strong>Province de Midelt<\/p>\n<\/div><\/div>\n\n\n\n<p class=\"has-cyan-bluish-gray-background-color has-background has-small-font-size\"><\/p>\n\n\n\n<div class=\"wp-block-media-text is-stacked-on-mobile\" style=\"grid-template-columns:18% auto\"><figure class=\"wp-block-media-text__media\"><img loading=\"lazy\" decoding=\"async\" width=\"207\" height=\"256\" src=\"https:\/\/amepn.ma\/rbca\/site\/wp-content\/uploads\/2023\/12\/peche2.jpg\" alt=\"\" class=\"wp-image-383 size-full\"\/><\/figure><div class=\"wp-block-media-text__content\">\n<p class=\"has-small-font-size\"><strong>Nom :<\/strong> BELBIEDA<\/p>\n\n\n\n<p class=\"has-small-font-size\"><strong>Pr\u00e9nom : <\/strong>Rachid<\/p>\n\n\n\n<p class=\"has-small-font-size\"><strong>Qualification : <\/strong>Garde-P\u00eache B\u00e9n\u00e9vole asserment\u00e9<\/p>\n\n\n\n<p class=\"has-small-font-size\"><strong>Zone d&#8217;activit\u00e9s : <\/strong>Province de Midelt<\/p>\n<\/div><\/div>\n\n\n\n<p class=\"has-cyan-bluish-gray-background-color has-background has-small-font-size\"><\/p>\n\n\n\n<div class=\"wp-block-media-text is-stacked-on-mobile\" style=\"grid-template-columns:19% auto\"><figure class=\"wp-block-media-text__media\"><img loading=\"lazy\" decoding=\"async\" width=\"332\" height=\"398\" src=\"https:\/\/amepn.ma\/rbca\/site\/wp-content\/uploads\/2023\/12\/peche6.jpg\" alt=\"\" class=\"wp-image-384 size-full\" srcset=\"https:\/\/amepn.ma\/rbca\/observatoire\/wp-content\/uploads\/2023\/12\/peche6.jpg 332w, https:\/\/amepn.ma\/rbca\/observatoire\/wp-content\/uploads\/2023\/12\/peche6-250x300.jpg 250w\" sizes=\"(max-width: 332px) 100vw, 332px\" \/><\/figure><div class=\"wp-block-media-text__content\">\n<p class=\"has-small-font-size\"><strong>Nom :<\/strong> OUHAMMOU<\/p>\n\n\n\n<p class=\"has-small-font-size\"><strong>Pr\u00e9nom : <\/strong>Mustapha<\/p>\n\n\n\n<p class=\"has-small-font-size\"><strong>Qualification : <\/strong>Garde-P\u00eache B\u00e9n\u00e9vole asserment\u00e9<\/p>\n\n\n\n<p class=\"has-small-font-size\"><strong>Zone d&#8217;activit\u00e9s : <\/strong>R\u00e9gion Dr\u00e2a Tafilalet<\/p>\n<\/div><\/div>\n\n\n\n<p class=\"has-cyan-bluish-gray-background-color has-background has-small-font-size\"><\/p>\n\n\n\n<div class=\"wp-block-media-text is-stacked-on-mobile\" style=\"grid-template-columns:19% auto\"><figure class=\"wp-block-media-text__media\"><img loading=\"lazy\" decoding=\"async\" width=\"230\" height=\"294\" src=\"https:\/\/amepn.ma\/rbca\/site\/wp-content\/uploads\/2023\/12\/peche4.jpg\" alt=\"\" class=\"wp-image-385 size-full\"\/><\/figure><div class=\"wp-block-media-text__content\">\n<p class=\"has-small-font-size\"><strong>Nom :<\/strong> HIMMI<\/p>\n\n\n\n<p class=\"has-small-font-size\"><strong>Pr\u00e9nom : <\/strong>Abdessamad<\/p>\n\n\n\n<p class=\"has-small-font-size\"><strong>Qualification : <\/strong>Garde-P\u00eache B\u00e9n\u00e9vole asserment\u00e9<\/p>\n\n\n\n<p class=\"has-small-font-size\"><strong>Zone d&#8217;activit\u00e9s : <\/strong>Province de Kh\u00e9nifra<\/p>\n<\/div><\/div>\n\n\n\n<p class=\"has-cyan-bluish-gray-background-color has-background has-small-font-size\"><\/p>\n\n\n\n<div class=\"wp-block-media-text is-stacked-on-mobile\" style=\"grid-template-columns:20% auto\"><figure class=\"wp-block-media-text__media\"><img loading=\"lazy\" decoding=\"async\" width=\"574\" height=\"608\" src=\"https:\/\/amepn.ma\/rbca\/site\/wp-content\/uploads\/2023\/12\/peche3.jpg\" alt=\"\" class=\"wp-image-386 size-full\" srcset=\"https:\/\/amepn.ma\/rbca\/observatoire\/wp-content\/uploads\/2023\/12\/peche3.jpg 574w, https:\/\/amepn.ma\/rbca\/observatoire\/wp-content\/uploads\/2023\/12\/peche3-283x300.jpg 283w\" sizes=\"(max-width: 574px) 100vw, 574px\" \/><\/figure><div class=\"wp-block-media-text__content\">\n<p class=\"has-small-font-size\"><strong>Nom :<\/strong> IDRISSI<\/p>\n\n\n\n<p class=\"has-small-font-size\"><strong>Pr\u00e9nom : <\/strong>Taher<\/p>\n\n\n\n<p class=\"has-small-font-size\"><strong>Qualification : <\/strong>Garde-P\u00eache B\u00e9n\u00e9vole asserment\u00e9<\/p>\n\n\n\n<p class=\"has-small-font-size\"><strong>Zone d&#8217;activit\u00e9s : <\/strong>Nationale<\/p>\n<\/div><\/div>\n\n\n\n<p class=\"has-text-align-center has-white-color has-black-background-color has-text-color has-background has-link-color has-small-font-size wp-elements-f7a6f003fd8cde79b933bbd70f2fae08\"><strong>ECO-GARDES DU PARC NATIONAL DU HAUT ATLAS ORIENTAL<\/strong><\/p>\n\n\n\n<div class=\"wp-block-media-text is-stacked-on-mobile\" style=\"grid-template-columns:21% auto\"><figure class=\"wp-block-media-text__media\"><img loading=\"lazy\" decoding=\"async\" width=\"325\" height=\"337\" src=\"https:\/\/amepn.ma\/rbca\/site\/wp-content\/uploads\/2023\/12\/HARCHA-Zouhir.png\" alt=\"\" class=\"wp-image-427 size-full\" srcset=\"https:\/\/amepn.ma\/rbca\/observatoire\/wp-content\/uploads\/2023\/12\/HARCHA-Zouhir.png 325w, https:\/\/amepn.ma\/rbca\/observatoire\/wp-content\/uploads\/2023\/12\/HARCHA-Zouhir-289x300.png 289w\" sizes=\"(max-width: 325px) 100vw, 325px\" \/><\/figure><div class=\"wp-block-media-text__content\">\n<p class=\"has-small-font-size\"><strong>Nom :<\/strong> HARCHA<\/p>\n\n\n\n<p class=\"has-small-font-size\"><strong>Pr\u00e9nom : <\/strong>Zouhir<\/p>\n\n\n\n<p class=\"has-small-font-size\"><strong>Qualification : <\/strong>Eco-garde <\/p>\n\n\n\n<p class=\"has-small-font-size\"><strong>Zone d&#8217;activit\u00e9s : <\/strong>Parc National du Haut Atlas Oriental<\/p>\n<\/div><\/div>\n\n\n\n<p class=\"has-cyan-bluish-gray-background-color has-background has-small-font-size\"><\/p>\n\n\n\n<div class=\"wp-block-media-text is-stacked-on-mobile\" style=\"grid-template-columns:22% auto\"><figure class=\"wp-block-media-text__media\"><img loading=\"lazy\" decoding=\"async\" width=\"251\" height=\"257\" src=\"https:\/\/amepn.ma\/rbca\/site\/wp-content\/uploads\/2023\/12\/OUMOUCH-Ismail.png\" alt=\"\" class=\"wp-image-428 size-full\"\/><\/figure><div class=\"wp-block-media-text__content\">\n<p class=\"has-small-font-size\"><strong>Nom :<\/strong> OUMOUCH<\/p>\n\n\n\n<p class=\"has-small-font-size\"><strong>Pr\u00e9nom : <\/strong>Ismail<\/p>\n\n\n\n<p class=\"has-small-font-size\"><strong>Qualification : <\/strong>Eco-garde <\/p>\n\n\n\n<p class=\"has-small-font-size\"><strong>Zone d&#8217;activit\u00e9s : <\/strong>Parc National du Haut Atlas Oriental<\/p>\n<\/div><\/div>\n\n\n\n<p class=\"has-cyan-bluish-gray-background-color has-background has-small-font-size\"><\/p>\n\n\n\n<div class=\"wp-block-media-text is-stacked-on-mobile\" style=\"grid-template-columns:22% auto\"><figure class=\"wp-block-media-text__media\"><img loading=\"lazy\" decoding=\"async\" width=\"311\" height=\"297\" src=\"https:\/\/amepn.ma\/rbca\/site\/wp-content\/uploads\/2023\/12\/OUCHENNI-Bassou.png\" alt=\"\" class=\"wp-image-429 size-full\" srcset=\"https:\/\/amepn.ma\/rbca\/observatoire\/wp-content\/uploads\/2023\/12\/OUCHENNI-Bassou.png 311w, https:\/\/amepn.ma\/rbca\/observatoire\/wp-content\/uploads\/2023\/12\/OUCHENNI-Bassou-300x286.png 300w\" sizes=\"(max-width: 311px) 100vw, 311px\" \/><\/figure><div class=\"wp-block-media-text__content\">\n<p class=\"has-small-font-size\"><strong>Nom :<\/strong> OUCHENNI<\/p>\n\n\n\n<p class=\"has-small-font-size\"><strong>Pr\u00e9nom : <\/strong>Bassou<\/p>\n\n\n\n<p class=\"has-small-font-size\"><strong>Qualification : <\/strong>Eco-garde <\/p>\n\n\n\n<p class=\"has-small-font-size\"><strong>Zone d&#8217;activit\u00e9s : <\/strong>Parc National du Haut Atlas Oriental<\/p>\n<\/div><\/div>\n\n\n\n<p class=\"has-cyan-bluish-gray-background-color has-background has-small-font-size\"><\/p>\n\n\n\n<div class=\"wp-block-media-text is-stacked-on-mobile\" style=\"grid-template-columns:22% auto\"><figure class=\"wp-block-media-text__media\"><img loading=\"lazy\" decoding=\"async\" width=\"253\" height=\"263\" src=\"https:\/\/amepn.ma\/rbca\/site\/wp-content\/uploads\/2023\/12\/OUADAD-Ismail.png\" alt=\"\" class=\"wp-image-430 size-full\"\/><\/figure><div class=\"wp-block-media-text__content\">\n<p class=\"has-small-font-size\"><strong>Nom :<\/strong> OUADAD<\/p>\n\n\n\n<p class=\"has-small-font-size\"><strong>Pr\u00e9nom : <\/strong>Ismail<\/p>\n\n\n\n<p class=\"has-small-font-size\"><strong>Qualification : <\/strong>Eco-garde <\/p>\n\n\n\n<p class=\"has-small-font-size\"><strong>Zone d&#8217;activit\u00e9s : <\/strong>Parc National du Haut Atlas Oriental<\/p>\n<\/div><\/div>\n\n\n\n<p class=\"has-text-align-center has-white-color has-black-background-color has-text-color has-background has-link-color has-small-font-size wp-elements-78562afe86756e6540de9c76c4dbd833\"><strong>ECO-GARDES DU PARC NATIONAL DE KHENIFRA<\/strong><\/p>\n\n\n\n<div class=\"wp-block-media-text is-stacked-on-mobile\" style=\"grid-template-columns:22% auto\"><figure class=\"wp-block-media-text__media\"><img loading=\"lazy\" decoding=\"async\" width=\"392\" height=\"551\" src=\"https:\/\/amepn.ma\/rbca\/site\/wp-content\/uploads\/2024\/01\/Amalou.jpg\" alt=\"\" class=\"wp-image-472 size-full\" srcset=\"https:\/\/amepn.ma\/rbca\/observatoire\/wp-content\/uploads\/2024\/01\/Amalou.jpg 392w, https:\/\/amepn.ma\/rbca\/observatoire\/wp-content\/uploads\/2024\/01\/Amalou-213x300.jpg 213w\" sizes=\"(max-width: 392px) 100vw, 392px\" \/><\/figure><div class=\"wp-block-media-text__content\">\n<p class=\"has-small-font-size\"><strong>Nom :<\/strong> AMALOU<\/p>\n\n\n\n<p class=\"has-small-font-size\"><strong>Pr\u00e9nom : <\/strong>MOHAMED<\/p>\n\n\n\n<p class=\"has-small-font-size\"><strong>Qualification : <\/strong>Eco-garde <\/p>\n\n\n\n<p class=\"has-small-font-size\"><strong>Zone d&#8217;activit\u00e9s : <\/strong>Parc National de Kh\u00e9nifra<\/p>\n<\/div><\/div>\n\n\n\n<p class=\"has-cyan-bluish-gray-background-color has-background has-small-font-size\"><\/p>\n\n\n\n<div class=\"wp-block-media-text is-stacked-on-mobile\" style=\"grid-template-columns:22% auto\"><figure class=\"wp-block-media-text__media\"><img loading=\"lazy\" decoding=\"async\" width=\"410\" height=\"351\" src=\"https:\/\/amepn.ma\/rbca\/site\/wp-content\/uploads\/2024\/01\/Roudani.jpg\" alt=\"\" class=\"wp-image-473 size-full\" srcset=\"https:\/\/amepn.ma\/rbca\/observatoire\/wp-content\/uploads\/2024\/01\/Roudani.jpg 410w, https:\/\/amepn.ma\/rbca\/observatoire\/wp-content\/uploads\/2024\/01\/Roudani-300x257.jpg 300w\" sizes=\"(max-width: 410px) 100vw, 410px\" \/><\/figure><div class=\"wp-block-media-text__content\">\n<p class=\"has-small-font-size\"><strong>Nom :<\/strong> ROUDANI<\/p>\n\n\n\n<p class=\"has-small-font-size\"><strong>Pr\u00e9nom : <\/strong>KHALID<\/p>\n\n\n\n<p class=\"has-small-font-size\"><strong>Qualification : <\/strong>Eco-garde <\/p>\n\n\n\n<p class=\"has-small-font-size\"><strong>Zone d&#8217;activit\u00e9s : <\/strong>Parc National de Kh\u00e9nifra<\/p>\n<\/div><\/div>\n\n\n\n<p><\/p>\n","protected":false},"excerpt":{"rendered":"<p>Les observateurs agr\u00e9es sont des personnes physiques engag\u00e9es pour la cause principale de l&#8217;Observatoire des Zones Humides de la R\u00e9serve de Biosph\u00e8re du C\u00e8dre de l&#8217;Atlas. Ils peuvent \u00eatre (1) des agents de l&#8217;Etat, (2) des B\u00e9n\u00e9voles, (3) des personnes contractuelles, (4) des \u00e9tudiants. ils doivent \u00eatre propos\u00e9s par des associations membres, des administrations partenaires, des Instituts de Recherche et [&hellip;]<\/p>\n","protected":false},"author":1,"featured_media":0,"parent":0,"menu_order":0,"comment_status":"closed","ping_status":"closed","template":"","meta":{"footnotes":""},"_links":{"self":[{"href":"https:\/\/amepn.ma\/rbca\/observatoire\/index.php?rest_route=\/wp\/v2\/pages\/251"}],"collection":[{"href":"https:\/\/amepn.ma\/rbca\/observatoire\/index.php?rest_route=\/wp\/v2\/pages"}],"about":[{"href":"https:\/\/amepn.ma\/rbca\/observatoire\/index.php?rest_route=\/wp\/v2\/types\/page"}],"author":[{"embeddable":true,"href":"https:\/\/amepn.ma\/rbca\/observatoire\/index.php?rest_route=\/wp\/v2\/users\/1"}],"replies":[{"embeddable":true,"href":"https:\/\/amepn.ma\/rbca\/observatoire\/index.php?rest_route=%2Fwp%2Fv2%2Fcomments&post=251"}],"version-history":[{"count":15,"href":"https:\/\/amepn.ma\/rbca\/observatoire\/index.php?rest_route=\/wp\/v2\/pages\/251\/revisions"}],"predecessor-version":[{"id":474,"href":"https:\/\/amepn.ma\/rbca\/observatoire\/index.php?rest_route=\/wp\/v2\/pages\/251\/revisions\/474"}],"wp:attachment":[{"href":"https:\/\/amepn.ma\/rbca\/observatoire\/index.php?rest_route=%2Fwp%2Fv2%2Fmedia&parent=251"}],"curies":[{"name":"wp","href":"https:\/\/api.w.org\/{rel}","templated":true}]}}